{"id":270,"date":"2024-12-26T08:30:49","date_gmt":"2024-12-26T08:30:49","guid":{"rendered":"https:\/\/psyykkari.fi\/?page_id=270"},"modified":"2026-01-07T10:44:18","modified_gmt":"2026-01-07T10:44:18","slug":"psykologin-keskusteluhoito","status":"publish","type":"page","link":"https:\/\/psyykkari.fi\/index.php\/psykologipalvelu\/psykologin-keskusteluhoito\/","title":{"rendered":"Keskusteluhoito"},"content":{"rendered":"\n<div class=\"wp-block-cover alignwide has-custom-content-position is-position-bottom-center wp-duotone-unset-1\" style=\"margin-top:0;margin-bottom:0;min-height:100vh;aspect-ratio:unset;\"><img data-dominant-color=\"77604a\" data-has-transparency=\"false\" style=\"--dominant-color: #77604a;\" loading=\"lazy\" decoding=\"async\" width=\"1024\" height=\"1024\" class=\"wp-block-cover__image-background wp-image-1587 size-full not-transparent\" alt=\"Psykologin keskusteluhoito\" src=\"https:\/\/psyykkari.fi\/wp-content\/uploads\/2025\/12\/IMG_3127.avif\" data-object-fit=\"cover\" srcset=\"https:\/\/psyykkari.fi\/wp-content\/uploads\/2025\/12\/IMG_3127.avif 1024w, https:\/\/psyykkari.fi\/wp-content\/uploads\/2025\/12\/IMG_3127-300x300.avif 300w, https:\/\/psyykkari.fi\/wp-content\/uploads\/2025\/12\/IMG_3127-150x150.avif 150w, https:\/\/psyykkari.fi\/wp-content\/uploads\/2025\/12\/IMG_3127-768x768.avif 768w\" sizes=\"auto, (max-width: 1024px) 100vw, 1024px\" \/><span aria-hidden=\"true\" class=\"wp-block-cover__background has-contrast-background-color has-background-dim-20 has-background-dim\"><\/span><div class=\"wp-block-cover__inner-container is-layout-flow wp-block-cover-is-layout-flow\">\n<h1 class=\"wp-block-heading has-xx-large-font-size\" style=\"margin-top:0;margin-right:0;margin-bottom:var(--wp--preset--spacing--70);margin-left:var(--wp--preset--spacing--50)\">Psykologin keskusteluhoito<\/h1>\n<\/div><\/div>\n\n\n\n<div class=\"wp-block-media-text alignwide has-media-on-the-right is-stacked-on-mobile is-vertically-aligned-center is-style-default\" style=\"grid-template-columns:auto 47%\"><div class=\"wp-block-media-text__content\">\n<h2 class=\"wp-block-heading has-text-color has-x-large-font-size\" style=\"color:#000000\">Psykologin kanssa keskusteltaessa<\/h2>\n\n\n\n<p class=\"has-text-color\" style=\"color:#636363;font-size:clamp(17.905px, 1.119rem + ((1vw - 3.2px) * 0.99), 28px);line-height:1.1\">asiakkaan yksil\u00f6lliset tarpeet ja haasteet ovat keski\u00f6ss\u00e4. Keskustelujen aikana asiakas ja terapeutti tekev\u00e4t yhdess\u00e4 ty\u00f6t\u00e4 tavoitteiden saavuttamiseksi. Tavoitteet voidaan m\u00e4\u00e4ritt\u00e4\u00e4 joustavasti keskustelun edetess\u00e4, ja ne voivat muuttua asiakkaan prosessin edetess\u00e4 ja kun oppii uusia asioita itsest\u00e4\u00e4n ja el\u00e4m\u00e4st\u00e4\u00e4n. <br> Psykologin keskusteluhoidon prosessi on vuorovaikutteinen ja asiakkaan aktiivinen osallistuminen on keskeist\u00e4.<\/p>\n\n\n\n<p class=\"has-text-color\" style=\"color:#636363;font-size:clamp(17.905px, 1.119rem + ((1vw - 3.2px) * 0.99), 28px);line-height:1.1\">Keskustelujen aikana voidaan k\u00e4yd\u00e4 l\u00e4pi mm. seuraavanlaisia asioita:<\/p>\n<\/div><figure class=\"wp-block-media-text__media\"><img data-dominant-color=\"715f49\" data-has-transparency=\"false\" style=\"--dominant-color: #715f49;\" loading=\"lazy\" decoding=\"async\" width=\"1024\" height=\"1024\" src=\"https:\/\/psyykkari.fi\/wp-content\/uploads\/2025\/11\/Kehitys-ja-oppiminen.avif\" alt=\"\" class=\"wp-image-1392 size-full not-transparent\" srcset=\"https:\/\/psyykkari.fi\/wp-content\/uploads\/2025\/11\/Kehitys-ja-oppiminen.avif 1024w, https:\/\/psyykkari.fi\/wp-content\/uploads\/2025\/11\/Kehitys-ja-oppiminen-300x300.avif 300w, https:\/\/psyykkari.fi\/wp-content\/uploads\/2025\/11\/Kehitys-ja-oppiminen-150x150.avif 150w, https:\/\/psyykkari.fi\/wp-content\/uploads\/2025\/11\/Kehitys-ja-oppiminen-768x768.avif 768w\" sizes=\"auto, (max-width: 1024px) 100vw, 1024px\" \/><\/figure><\/div>\n\n\n\n<details class=\"wp-block-details alignwide is-layout-flow wp-block-details-is-layout-flow\"><summary>T\u00e4ll\u00e4 sivulla esitelty psykologin keskusteluhoito perustuu ratkaisukeskeisen lyhytterapian k\u00e4yt\u00e4nt\u00f6ihin. Hoidossa syvennyt\u00e4\u00e4n eri teemoihin ja niiden merkitykseen hyvinvoinnille \u2013 kokonaisuus auttaa ymm\u00e4rt\u00e4m\u00e4\u00e4n, mit\u00e4 asioita voidaan k\u00e4sitell\u00e4 ja miten ne tukevat yksil\u00f6n kehityst\u00e4. Palvelu ei ole Kelan tukemaa kuntoutuspsykoterapiaa.<\/summary>\n<p><\/p>\n<\/details>\n\n\n\n<div class=\"wp-block-group alignwide has-global-padding is-layout-constrained wp-block-group-is-layout-constrained\">\n<h2 class=\"wp-block-heading alignwide has-text-align-left\"><br>&nbsp;1. Itsetuntemus ja reflektio<\/h2>\n\n\n\n<details class=\"wp-block-details alignfull is-layout-flow wp-block-details-is-layout-flow\"><summary>Itsetuntemuksen ja reflektion osuus kutsuu pys\u00e4htym\u00e4\u00e4n oman ainutlaatuisuuden \u00e4\u00e4relle. T\u00e4\u00e4ll\u00e4 saat mahdollisuuden ymm\u00e4rt\u00e4\u00e4 itse\u00e4si ja omaa tarinaasi lempe\u00e4sti \u2013 opit tunnistamaan ja hyv\u00e4ksym\u00e4\u00e4n omat ajatuksesi, tunteesi ja kokemuksesi. Rohkaisemme sinua kehitt\u00e4m\u00e4\u00e4n my\u00f6nteisemm\u00e4n suhteen itseesi, l\u00f6yt\u00e4m\u00e4\u00e4n oma \u00e4\u00e4nesi sek\u00e4 vahvistamaan sis\u00e4ist\u00e4 hyvinvointiasi. Saat matkaasi konkreettisia ty\u00f6kaluja, jotka tukevat kasvua, tuovat arkeen oivalluksia ja auttavat sinua voimaan paremmin<\/summary>\n<p><\/p>\n<\/details>\n\n\n\n<div class=\"wp-block-media-text alignwide is-stacked-on-mobile\"><figure class=\"wp-block-media-text__media\"><img data-dominant-color=\"a4a9a0\" data-has-transparency=\"false\" style=\"--dominant-color: #a4a9a0;\" loading=\"lazy\" decoding=\"async\" width=\"1024\" height=\"1024\" src=\"https:\/\/psyykkari.fi\/wp-content\/uploads\/2025\/11\/reflektio.avif\" alt=\"\" class=\"wp-image-1337 size-full not-transparent\" srcset=\"https:\/\/psyykkari.fi\/wp-content\/uploads\/2025\/11\/reflektio.avif 1024w, https:\/\/psyykkari.fi\/wp-content\/uploads\/2025\/11\/reflektio-300x300.avif 300w, https:\/\/psyykkari.fi\/wp-content\/uploads\/2025\/11\/reflektio-150x150.avif 150w, https:\/\/psyykkari.fi\/wp-content\/uploads\/2025\/11\/reflektio-768x768.avif 768w\" sizes=\"auto, (max-width: 1024px) 100vw, 1024px\" \/><\/figure><div class=\"wp-block-media-text__content\">\n<p>L\u00f6yd\u00e4tk\u00f6 aikaa pys\u00e4hty\u00e4 itsesi \u00e4\u00e4relle ja tutkiskella, mit\u00e4 ajatuksesi ja tunteesi kertovat sinusta?<\/p>\n\n\n\n<p>Voisitko ottaa askeleen kohti lempe\u00e4mp\u00e4\u00e4 suhtautumista itseesi \u2013 ent\u00e4 jos hyv\u00e4ksyisit itsesi juuri sellaisena kuin olet?<\/p>\n\n\n\n<p>Milt\u00e4 tuntuisi osoittaa my\u00f6t\u00e4tuntoa itse\u00e4si kohtaan \u2013 mit\u00e4 jos kohtaisit omat virheesi lempeydell\u00e4?<\/p>\n\n\n\n<p>Oletko valmis tutkimaan menneisyytt\u00e4si l\u00f6yt\u00e4\u00e4ksesi lis\u00e4\u00e4 ymm\u00e4rryst\u00e4 nykyhetkeesi?<\/p>\n\n\n\n<p>Millaista olisi ilmaista oma \u00e4\u00e4nesi rohkeasti ja kertoa avoimesti tunteistasi ja tarpeistasi?<\/p>\n\n\n\n<p>Mik\u00e4 tarina sinulla on kerrottavanasi, ja miten se voisi auttaa sinua n\u00e4kem\u00e4\u00e4n oman polkusi kirkkaammin?<\/p>\n\n\n\n<p>Oletko koskaan pys\u00e4htynyt miettim\u00e4\u00e4n, mik\u00e4 tekee sinusta arvokkaan ja ainutlaatuisen?<\/p>\n\n\n\n<p>Mitk\u00e4 omat el\u00e4m\u00e4n kokemuksesi ja arvosi rakentavat identiteetti\u00e4si \u2013 kuka sin\u00e4 todella olet?<\/p>\n\n\n\n<p>Millaisen yhteyden huomaat kehosi ja mielesi v\u00e4lill\u00e4 \u2013 mit\u00e4 kehosi kertoo sinulle juuri nyt?<\/p>\n\n\n\n<div class=\"wp-block-buttons is-layout-flex wp-block-buttons-is-layout-flex\">\n<div class=\"wp-block-button\"><a class=\"wp-block-button__link wp-element-button\" href=\"https:\/\/psyykkari.fi\/index.php\/2025\/08\/22\/itsemyotatunto-hyvaksynta-ja-identiteetti-nain-vahvistat-yhteytta-itseesi\/\">Lue lis\u00e4\u00e4 <\/a><\/div>\n<\/div>\n<\/div><\/div>\n\n\n\n<div class=\"wp-block-group alignwide is-layout-flow wp-container-core-group-is-layout-d58a0413 wp-block-group-is-layout-flow\" style=\"padding-top:var(--wp--preset--spacing--50);padding-bottom:var(--wp--preset--spacing--50)\">\n<h2 class=\"wp-block-heading\">2. Tunteiden k\u00e4sittely ja s\u00e4\u00e4tely<\/h2>\n<\/div>\n\n\n\n<details class=\"wp-block-details alignfull is-layout-flow wp-block-details-is-layout-flow\"><summary>Tunteiden k\u00e4sittely ja s\u00e4\u00e4tely keskittyv\u00e4t yksil\u00f6n kykyyn tunnistaa, ymm\u00e4rt\u00e4\u00e4 ja hallita omia tunteitaan. Tavoitteena on kehitt\u00e4\u00e4 asiakkaille k\u00e4yt\u00e4nn\u00f6n ty\u00f6kaluja ja strategioita, jotka auttavat heit\u00e4 k\u00e4sittelem\u00e4\u00e4n tunteitaan terveell\u00e4 tavalla ja ilmaisemaan niit\u00e4 asianmukaisesti. T\u00e4m\u00e4 osio tarjoaa menetelmi\u00e4 stressin hallintaan ja rauhoittumiseen, mik\u00e4 edist\u00e4\u00e4 emotionaalista hyvinvointia.<\/summary>\n<p><\/p>\n<\/details>\n\n\n\n<div class=\"wp-block-media-text alignwide has-media-on-the-right is-stacked-on-mobile\"><div class=\"wp-block-media-text__content\">\n<p>Oletko koskaan pys\u00e4htynyt kuuntelemaan, mit\u00e4 tunteesi haluavat kertoa sinulle?<\/p>\n\n\n\n<p>Milt\u00e4 tuntuisi oppia ymm\u00e4rt\u00e4m\u00e4\u00e4n ja s\u00e4\u00e4telem\u00e4\u00e4n tunteitasi lempe\u00e4sti ja hyv\u00e4ksyv\u00e4sti?<\/p>\n\n\n\n<p>Kuinka voisit opetella tunnistamaan ja hyv\u00e4ksym\u00e4\u00e4n kaikki tunteesi \u2013 my\u00f6s ne vaikeat?<\/p>\n\n\n\n<p>Voisitko l\u00f6yt\u00e4\u00e4 uuden tavan suhtautua tunteisiisi niin, ett\u00e4 ne eiv\u00e4t hallitse sinua, vaan sin\u00e4 niit\u00e4?<\/p>\n\n\n\n<p>Millaisia arjen keinoja voisit ottaa k\u00e4ytt\u00f6\u00f6si, jotta stressi ja vaikeat tunteet eiv\u00e4t en\u00e4\u00e4 nielaise sinua mukanaan?<\/p>\n\n\n\n<p>Miten lempe\u00e4t rauhoittumisharjoitukset voisivat auttaa sinua tuomaan arkeen lis\u00e4\u00e4 levollisuutta ja hallitsemaan stressi\u00e4si?<\/p>\n\n\n\n<p>Oletko valmis oppimaan, kuinka ilmaista tunteesi avoimesti ja rakentavasti \u2013 ja vahvistamaan ihmissuhteitasi?<\/p>\n\n\n\n<div class=\"wp-block-buttons is-layout-flex wp-block-buttons-is-layout-flex\">\n<div class=\"wp-block-button\"><a class=\"wp-block-button__link wp-element-button\" href=\"https:\/\/psyykkari.fi\/index.php\/2025\/08\/20\/tunteiden-saately-kohti-tasapainoista-tunne-elamaa\/\">Lue lis\u00e4\u00e4<\/a><\/div>\n<\/div>\n<\/div><figure class=\"wp-block-media-text__media\"><img data-dominant-color=\"927f5f\" data-has-transparency=\"false\" style=\"--dominant-color: #927f5f;\" loading=\"lazy\" decoding=\"async\" width=\"1024\" height=\"1024\" src=\"https:\/\/psyykkari.fi\/wp-content\/uploads\/2025\/11\/Tunteeet.avif\" alt=\"\" class=\"wp-image-1342 size-full not-transparent\" srcset=\"https:\/\/psyykkari.fi\/wp-content\/uploads\/2025\/11\/Tunteeet.avif 1024w, https:\/\/psyykkari.fi\/wp-content\/uploads\/2025\/11\/Tunteeet-300x300.avif 300w, https:\/\/psyykkari.fi\/wp-content\/uploads\/2025\/11\/Tunteeet-150x150.avif 150w, https:\/\/psyykkari.fi\/wp-content\/uploads\/2025\/11\/Tunteeet-768x768.avif 768w\" sizes=\"auto, (max-width: 1024px) 100vw, 1024px\" \/><\/figure><\/div>\n\n\n\n<div class=\"wp-block-group alignwide is-layout-flow wp-container-core-group-is-layout-d58a0413 wp-block-group-is-layout-flow\" style=\"padding-top:var(--wp--preset--spacing--50);padding-bottom:var(--wp--preset--spacing--50)\">\n<h2 class=\"wp-block-heading has-text-align-left\">3. Sosiaaliset taidot ja tukiverkostot<\/h2>\n\n\n\n<details class=\"wp-block-details is-layout-flow wp-block-details-is-layout-flow\"><summary>Sosiaaliset taidot ja tukiverkostot osuudessa keskityt\u00e4\u00e4n yksil\u00f6n kykyyn luoda ja yll\u00e4pit\u00e4\u00e4 merkityksellisi\u00e4 suhteita sek\u00e4 hy\u00f6dynt\u00e4\u00e4 ymp\u00e4rill\u00e4 olevia tukiverkostoja. Tavoitteena on auttaa asiakkaita kehitt\u00e4m\u00e4\u00e4n sosiaalisia taitojaan, joita tarvitaan vuorovaikutuksessa, sek\u00e4 vahvistamaan tukiverkostojaan, mik\u00e4 edist\u00e4\u00e4 heid\u00e4n hyvinvointiaan ja yhteis\u00f6llisyytt\u00e4\u00e4n.<\/summary>\n<p><\/p>\n<\/details>\n\n\n\n<div class=\"wp-block-media-text is-stacked-on-mobile\"><figure class=\"wp-block-media-text__media\"><img data-dominant-color=\"796b2f\" data-has-transparency=\"false\" style=\"--dominant-color: #796b2f;\" loading=\"lazy\" decoding=\"async\" width=\"1024\" height=\"1024\" src=\"https:\/\/psyykkari.fi\/wp-content\/uploads\/2025\/11\/Sosiaaliset-taidot.avif\" alt=\"\" class=\"wp-image-1350 size-full not-transparent\" srcset=\"https:\/\/psyykkari.fi\/wp-content\/uploads\/2025\/11\/Sosiaaliset-taidot.avif 1024w, https:\/\/psyykkari.fi\/wp-content\/uploads\/2025\/11\/Sosiaaliset-taidot-300x300.avif 300w, https:\/\/psyykkari.fi\/wp-content\/uploads\/2025\/11\/Sosiaaliset-taidot-150x150.avif 150w, https:\/\/psyykkari.fi\/wp-content\/uploads\/2025\/11\/Sosiaaliset-taidot-768x768.avif 768w\" sizes=\"auto, (max-width: 1024px) 100vw, 1024px\" \/><\/figure><div class=\"wp-block-media-text__content\">\n<p>Milt\u00e4 tuntuisi ymm\u00e4rt\u00e4\u00e4 ihmissuhteidesi merkitys ja oppia vahvistamaan niit\u00e4 arjen voimavaraksi?<\/p>\n\n\n\n<p>Haluaisitko kehitt\u00e4\u00e4 vuorovaikutus- ja sosiaalisia taitojasi, jotta yhteytesi muihin syvenev\u00e4t ja arjesta tulee sujuvampaa?<\/p>\n\n\n\n<p>Oletko valmis vahvistamaan ymp\u00e4rill\u00e4si olevia tukiverkostoja \u2013 yst\u00e4vi\u00e4, perhett\u00e4 ja yhteis\u00f6\u00e4 \u2013 hyvinvointisi tueksi?<\/p>\n\n\n\n<p>Kuinka voit hy\u00f6dynt\u00e4\u00e4 el\u00e4m\u00e4n tukiverkostoja saadaksesi voimaa, tukea ja uusia n\u00e4k\u00f6kulmia arjen haasteisiin?<\/p>\n\n\n\n<p>Miten osallistuminen yhteis\u00f6llisiin hetkiin ja toimintaan voisi lis\u00e4t\u00e4 tunnetta kuulumisesta ja merkityksellisyydest\u00e4 el\u00e4m\u00e4ss\u00e4si?<\/p>\n\n\n\n<p>Olisiko aika opetella avoimen ja rakentavan viestinn\u00e4n taitoja, jotka vahvistavat suhteita ja ratkaisevat v\u00e4\u00e4rinymm\u00e4rryksi\u00e4?<\/p>\n\n\n\n<p>Millaisia mahdollisuuksia avautuisi, jos oppisit ratkaisemaan konfliktit rauhallisesti ja rakentavasti ihmissuhteissasi?<\/p>\n\n\n\n<p>Milt\u00e4 kuulostaa empatian kehitt\u00e4minen \u2013 kyky ymm\u00e4rt\u00e4\u00e4 ja kohdata toisen tunteet \u2013 osana vahvempaa yhteytt\u00e4 muihin?<\/p>\n\n\n\n<div class=\"wp-block-buttons is-layout-flex wp-block-buttons-is-layout-flex\">\n<div class=\"wp-block-button\"><a class=\"wp-block-button__link wp-element-button\" href=\"\/index.php\/2025\/08\/19\/sosiaaliset-taidot-ja-tukiverkostot-kehita-vuorovaikutustaitojasi-ja-vahvista-hyvinvointiasi\/\">Lue lis\u00e4\u00e4<\/a><\/div>\n<\/div>\n<\/div><\/div>\n\n\n\n<div class=\"wp-block-group alignwide is-layout-flow wp-container-core-group-is-layout-d58a0413 wp-block-group-is-layout-flow\" style=\"padding-top:var(--wp--preset--spacing--50);padding-bottom:var(--wp--preset--spacing--50)\">\n<h2 class=\"wp-block-heading has-text-align-left\">4. Tavoitteet ja el\u00e4m\u00e4nhallinta<\/h2>\n\n\n\n<details class=\"wp-block-details is-layout-flow wp-block-details-is-layout-flow\"><summary>Tavoitteet ja el\u00e4m\u00e4nhallinta keskittyv\u00e4t yksil\u00f6n kykyyn asettaa, seurata ja saavuttaa tavoitteita sek\u00e4 hallita omaa el\u00e4m\u00e4\u00e4ns\u00e4 tehokkaasti. Tavoitteena on antaa asiakkaille v\u00e4lineit\u00e4 ja taitoja, jotka parantavat heid\u00e4n el\u00e4m\u00e4nlaatuaan ja auttavat heit\u00e4 saavuttamaan haluamiaan p\u00e4\u00e4m\u00e4\u00e4ri\u00e4.<\/summary>\n<p><\/p>\n<\/details>\n\n\n\n<div class=\"wp-block-media-text has-media-on-the-right is-stacked-on-mobile\"><div class=\"wp-block-media-text__content\">\n<p>Haluaisitko l\u00f6yt\u00e4\u00e4 selke\u00e4t tavoitteet, joiden saavuttaminen tuo iloa ja merkityst\u00e4 arkeen?<\/p>\n\n\n\n<p>Kuvitteletko, milt\u00e4 unelmasi tuntuvat jo totta \u2013 ent\u00e4 jos antaisit niille tilaa ja suuntaa?<\/p>\n\n\n\n<p>Oletko valmis arvioimaan ja s\u00e4\u00e4t\u00e4m\u00e4\u00e4n tavoitteitasi el\u00e4m\u00e4n muuttuessa, jotta pysyt motivoituneena kohti omia p\u00e4\u00e4m\u00e4\u00e4ri\u00e4si?<\/p>\n\n\n\n<p>Miten t\u00e4rkeiden asioiden tunnistaminen ja priorisointi auttaisivat sinua hallitsemaan el\u00e4m\u00e4\u00e4si paremmin?<\/p>\n\n\n\n<p>Voisitko hy\u00f6ty\u00e4 selke\u00e4st\u00e4 aikataulusta ja suunnitelmasta, joka tuo rauhaa ja j\u00e4rjestyst\u00e4 arkeen?<\/p>\n\n\n\n<p>Millaisia uusia mahdollisuuksia avautuisi, jos ajanhallinta toisi stressin sijaan selkeytt\u00e4 ja tilaa hyvinvoinnille?<\/p>\n\n\n\n<p>Osaisitko huomioida paremmin oman energiasi ja jaksamisesi \u2013 ja varata aikaa palautumiselle ja voimavarojen lis\u00e4\u00e4miselle?<\/p>\n\n\n\n<p>Milt\u00e4 tuntuisi ottaa askel kohti tasapainoista ja hallittua el\u00e4m\u00e4\u00e4, jossa omat taidot ja vahvuudet p\u00e4\u00e4sev\u00e4t k\u00e4ytt\u00f6\u00f6n?<\/p>\n\n\n\n<div class=\"wp-block-buttons is-layout-flex wp-block-buttons-is-layout-flex\">\n<div class=\"wp-block-button\"><a class=\"wp-block-button__link wp-element-button\" href=\"\/index.php\/2025\/08\/16\/tavoitteet-ja-elamanhallinta-pienia-askelia-kohti-parempaa-arkea\/\">Lue lis\u00e4\u00e4<\/a><\/div>\n<\/div>\n<\/div><figure class=\"wp-block-media-text__media\"><img data-dominant-color=\"8c8768\" data-has-transparency=\"false\" style=\"--dominant-color: #8c8768;\" loading=\"lazy\" decoding=\"async\" width=\"1024\" height=\"1024\" src=\"https:\/\/psyykkari.fi\/wp-content\/uploads\/2025\/11\/Tavoitteet-ja-elamanhallinta.avif\" alt=\"\" class=\"wp-image-1356 size-full not-transparent\" srcset=\"https:\/\/psyykkari.fi\/wp-content\/uploads\/2025\/11\/Tavoitteet-ja-elamanhallinta.avif 1024w, https:\/\/psyykkari.fi\/wp-content\/uploads\/2025\/11\/Tavoitteet-ja-elamanhallinta-300x300.avif 300w, https:\/\/psyykkari.fi\/wp-content\/uploads\/2025\/11\/Tavoitteet-ja-elamanhallinta-150x150.avif 150w, https:\/\/psyykkari.fi\/wp-content\/uploads\/2025\/11\/Tavoitteet-ja-elamanhallinta-768x768.avif 768w\" sizes=\"auto, (max-width: 1024px) 100vw, 1024px\" \/><\/figure><\/div>\n\n\n\n<h2 class=\"wp-block-heading has-text-align-left\">5. Kehitys ja oppiminen<\/h2>\n\n\n\n<details class=\"wp-block-details is-layout-flow wp-block-details-is-layout-flow\"><summary>Kehitys ja oppiminen keskittyv\u00e4t yksil\u00f6n jatkuvaan kasvuun ja oppimiseen eri el\u00e4m\u00e4ntilanteissa. Tavoitteena on tarjota asiakkaille v\u00e4lineit\u00e4 ja strategioita, jotka tukevat heid\u00e4n henkil\u00f6kohtaista ja ammatillista kehityst\u00e4\u00e4n, sek\u00e4 auttaa heit\u00e4 tunnistamaan omat oppimistyylins\u00e4.<\/summary>\n<p><\/p>\n<\/details>\n<\/div>\n\n\n\n<div class=\"wp-block-media-text is-stacked-on-mobile\"><figure class=\"wp-block-media-text__media\"><img data-dominant-color=\"747861\" data-has-transparency=\"false\" style=\"--dominant-color: #747861;\" loading=\"lazy\" decoding=\"async\" width=\"1024\" height=\"1024\" src=\"https:\/\/psyykkari.fi\/wp-content\/uploads\/2025\/11\/518A6F07-376D-4B0E-9DC5-DC30C8D5D207.avif\" alt=\"\" class=\"wp-image-1361 size-full not-transparent\" srcset=\"https:\/\/psyykkari.fi\/wp-content\/uploads\/2025\/11\/518A6F07-376D-4B0E-9DC5-DC30C8D5D207.avif 1024w, https:\/\/psyykkari.fi\/wp-content\/uploads\/2025\/11\/518A6F07-376D-4B0E-9DC5-DC30C8D5D207-300x300.avif 300w, https:\/\/psyykkari.fi\/wp-content\/uploads\/2025\/11\/518A6F07-376D-4B0E-9DC5-DC30C8D5D207-150x150.avif 150w, https:\/\/psyykkari.fi\/wp-content\/uploads\/2025\/11\/518A6F07-376D-4B0E-9DC5-DC30C8D5D207-768x768.avif 768w\" sizes=\"auto, (max-width: 1024px) 100vw, 1024px\" \/><\/figure><div class=\"wp-block-media-text__content\">\n<p>Oletko valmis l\u00f6yt\u00e4m\u00e4\u00e4n uusia n\u00e4k\u00f6kulmia ja kokemaan aitoa henkil\u00f6kohtaista kasvua?<\/p>\n\n\n\n<p>Millaisia uusia taitoja haluaisit oppia \u2013 mit\u00e4 jos jatkuva oppiminen avaisi ovia el\u00e4m\u00e4n haasteisiin?<\/p>\n\n\n\n<p>Voisitko pilkkoa isot tavoitteet pieniin askeliin ja tehd\u00e4 kehityksest\u00e4si selke\u00e4mp\u00e4\u00e4 ja saavutettavampaa?<\/p>\n\n\n\n<p>Oletko utelias kehitt\u00e4m\u00e4\u00e4n kriittist\u00e4 ajattelua, joka auttaa sinua tekem\u00e4\u00e4n parempia p\u00e4\u00e4t\u00f6ksi\u00e4?<\/p>\n\n\n\n<p>L\u00f6yd\u00e4tk\u00f6 itsellesi sopivimmat oppimistyylit ja -strategiat, jotka tekev\u00e4t uuden omaksumisesta helpompaa ja innostavampaa?<\/p>\n\n\n\n<p>Mitk\u00e4 asiat motivoivat sinua oppimaan uutta \u2013 voisiko motivaation vahvistaminen tuoda lis\u00e4\u00e4 iloa kehittymiseen?<\/p>\n\n\n\n<p>Ent\u00e4 jos oppimisen polulla kokeilisit rohkeasti uusia tapoja, jotka tekev\u00e4t tiedon ja taitojen kartuttamisesta mielekk\u00e4\u00e4mp\u00e4\u00e4?<\/p>\n<\/div><\/div>\n<\/div>\n<\/div>\n\n\n\n<div class=\"wp-block-group alignwide is-layout-flow wp-container-core-group-is-layout-d58a0413 wp-block-group-is-layout-flow\" style=\"padding-top:var(--wp--preset--spacing--50);padding-bottom:var(--wp--preset--spacing--50)\">\n<h2 class=\"wp-block-heading has-text-align-left\">6. Resilienssi ja kriisinhallinta<\/h2>\n\n\n\n<details class=\"wp-block-details is-layout-flow wp-block-details-is-layout-flow\"><summary>Resilienssi ja kriisinhallinta keskittyv\u00e4t yksil\u00f6n ja yhteis\u00f6jen kykyyn selvit\u00e4 ja toipua vaikeista tilanteista ja kriiseist\u00e4. Tavoitteena on vahvistaa resilienssi\u00e4, jotta asiakkaat voivat kohdata haasteita rohkeasti ja sopeutua muuttuviin olosuhteisiin. T\u00e4m\u00e4 osio tarjoaa ty\u00f6kaluja ja strategioita kriisitilanteiden hallintaan sek\u00e4 resurssien tehokkaaseen hy\u00f6dynt\u00e4miseen vaikeina aikoina. <\/summary>\n<p><\/p>\n<\/details>\n\n\n\n<div class=\"wp-block-media-text has-media-on-the-right is-stacked-on-mobile\"><div class=\"wp-block-media-text__content\">\n<p>Mit\u00e4 jos l\u00f6yt\u00e4isit sis\u00e4lt\u00e4si voiman selviyty\u00e4 vaikeuksista ja kasvaa vastoink\u00e4ymisist\u00e4 vahvempana?<\/p>\n\n\n\n<p>Osaisitko ennakoida mahdollisia kriisej\u00e4 ja valmistautua niihin luottavaisesti?<\/p>\n\n\n\n<p>Haluatko oppia k\u00e4yt\u00e4nn\u00f6n keinoja, joilla selvi\u00e4t el\u00e4m\u00e4n kriisitilanteista ja l\u00f6yd\u00e4t rauhaa myrskyn keskell\u00e4?<\/p>\n\n\n\n<p>Miten voisit tukea omaa toipumistasi kriisin j\u00e4lkeen ja l\u00f6yt\u00e4\u00e4 uuden suunnan el\u00e4m\u00e4\u00e4si?<\/p>\n\n\n\n<p>Ent\u00e4 jos rohkeasti astuisit muutoksen polulle ja kohtaisit pelkosi \u2013 voisiko se tuoda uudenlaista vapautta?<\/p>\n\n\n\n<p>Miten kasvattaa kest\u00e4vyytt\u00e4 ja joustavuutta niin, ett\u00e4 vaikeudet eiv\u00e4t lannista, vaan vahvistavat?<\/p>\n\n\n\n<p>Osaisitko l\u00f6yt\u00e4\u00e4 ja hy\u00f6dynt\u00e4\u00e4 omat voimavarasi ja pyyt\u00e4\u00e4 apua rohkeasti?<\/p>\n\n\n\n<p>Miten joustavuus auttaa selvi\u00e4m\u00e4\u00e4n muutoksista \u2013 ja voisitko oppia hy\u00f6tym\u00e4\u00e4n my\u00f6s vastarinnasta?<\/p>\n\n\n\n<p>Millaisia mahdollisuuksia avautuisi, jos oppisit sopeutumaan haasteisiin kekseli\u00e4\u00e4sti ja avoimin mielin?<\/p>\n\n\n\n<p>Voisitko tukea toisia ja itse\u00e4si tehokkaalla viestinn\u00e4ll\u00e4 sek\u00e4 rakentavalla tuella kriisin keskell\u00e4?<\/p>\n\n\n\n<div class=\"wp-block-buttons is-layout-flex wp-block-buttons-is-layout-flex\">\n<div class=\"wp-block-button\"><a class=\"wp-block-button__link wp-element-button\" href=\"\/index.php\/2025\/08\/16\/resilienssi-ja-kriisinhallinta-voimaa-selviytymiseen-ja-toipumiseen\/\">Lue lis\u00e4\u00e4 <\/a><\/div>\n<\/div>\n<\/div><figure class=\"wp-block-media-text__media\"><img data-dominant-color=\"888c84\" data-has-transparency=\"false\" style=\"--dominant-color: #888c84;\" loading=\"lazy\" decoding=\"async\" width=\"1024\" height=\"1024\" src=\"https:\/\/psyykkari.fi\/wp-content\/uploads\/2025\/11\/Resilienssi-ja-kriisinhallinta.avif\" alt=\"\" class=\"wp-image-1366 size-full not-transparent\" srcset=\"https:\/\/psyykkari.fi\/wp-content\/uploads\/2025\/11\/Resilienssi-ja-kriisinhallinta.avif 1024w, https:\/\/psyykkari.fi\/wp-content\/uploads\/2025\/11\/Resilienssi-ja-kriisinhallinta-300x300.avif 300w, https:\/\/psyykkari.fi\/wp-content\/uploads\/2025\/11\/Resilienssi-ja-kriisinhallinta-150x150.avif 150w, https:\/\/psyykkari.fi\/wp-content\/uploads\/2025\/11\/Resilienssi-ja-kriisinhallinta-768x768.avif 768w\" sizes=\"auto, (max-width: 1024px) 100vw, 1024px\" \/><\/figure><\/div>\n\n\n\n<h2 class=\"wp-block-heading has-text-align-left\">7. Hyvinvointi ja itsens\u00e4 hoitaminen<\/h2>\n\n\n\n<details class=\"wp-block-details is-layout-flow wp-block-details-is-layout-flow\"><summary>Hyvinvointi ja itsens\u00e4 hoitaminen k\u00e4sitt\u00e4v\u00e4t kokonaisvaltaisen l\u00e4hestymistavan, joka yhdist\u00e4\u00e4 fyysisen ja henkisen terveyden. Teemat sis\u00e4lt\u00e4v\u00e4t fyysisen hyvinvoinnin yll\u00e4pit\u00e4misen, mielenterveyden tukemisen sek\u00e4 el\u00e4m\u00e4ntapamuutokset, jotka edist\u00e4v\u00e4t kest\u00e4v\u00e4\u00e4 hyvinvointia. Ravitsemuksen ja liikunnan merkitys on keskeinen, samoin kuin riitt\u00e4v\u00e4n unen ja palautumisen varmistaminen. Tunne- ja stressitasapainon hallinta on olennaista hyvinvoinnin edist\u00e4misess\u00e4 ja itsens\u00e4 hoitamisen prosessissa.<\/summary>\n<p><\/p>\n<\/details>\n<\/div>\n\n\n\n<div class=\"wp-block-media-text alignwide is-stacked-on-mobile\"><figure class=\"wp-block-media-text__media\"><img data-dominant-color=\"c6dbce\" data-has-transparency=\"false\" style=\"--dominant-color: #c6dbce;\" loading=\"lazy\" decoding=\"async\" width=\"959\" height=\"1024\" src=\"https:\/\/psyykkari.fi\/wp-content\/uploads\/2025\/11\/Hyvinvointia_ja_itsesta_huolehtimista-1-959x1024.avif\" alt=\"\" class=\"wp-image-1372 size-full not-transparent\" srcset=\"https:\/\/psyykkari.fi\/wp-content\/uploads\/2025\/11\/Hyvinvointia_ja_itsesta_huolehtimista-1-959x1024.avif 959w, https:\/\/psyykkari.fi\/wp-content\/uploads\/2025\/11\/Hyvinvointia_ja_itsesta_huolehtimista-1-281x300.avif 281w, https:\/\/psyykkari.fi\/wp-content\/uploads\/2025\/11\/Hyvinvointia_ja_itsesta_huolehtimista-1-768x820.avif 768w, https:\/\/psyykkari.fi\/wp-content\/uploads\/2025\/11\/Hyvinvointia_ja_itsesta_huolehtimista-1-1439x1536.avif 1439w, https:\/\/psyykkari.fi\/wp-content\/uploads\/2025\/11\/Hyvinvointia_ja_itsesta_huolehtimista-1.avif 1492w\" sizes=\"auto, (max-width: 959px) 100vw, 959px\" \/><\/figure><div class=\"wp-block-media-text__content\">\n<p>Haluaisitko voida paremmin joka p\u00e4iv\u00e4 \u2013 pieni huolenpito kehosta voi olla suuri askel kokonaisvaltaiseen hyvinvointiin!<\/p>\n\n\n\n<p>Mit\u00e4 kaikkea voisikaan muuttua, jos l\u00f6yt\u00e4isit uusia keinoja tukea omaa mielen hyvinvointiasi arjessa?<\/p>\n\n\n\n<p>Oletko valmis tekem\u00e4\u00e4n pieni\u00e4 el\u00e4m\u00e4ntapamuutoksia, jotka tuovat iloa ja uusia mahdollisuuksia el\u00e4m\u00e4\u00e4si?<\/p>\n\n\n\n<p>Miten tasapainoinen ravinto ja liikunta voisivat antaa sinulle energiaa ja voimaa jokaiseen p\u00e4iv\u00e4\u00e4n?<\/p>\n\n\n\n<p>Riitt\u00e4v\u00e4 uni ja palautuminen ovat avain jaksamiseen \u2013 miten sin\u00e4 voisit varmistaa hyv\u00e4n levon arjessasi?<\/p>\n\n\n\n<p>Ent\u00e4 jos kehitt\u00e4isit tunnetaitoja ja oppisit hallitsemaan stressi\u00e4, jotta voisit nauttia el\u00e4m\u00e4st\u00e4 rauhallisemmin?<\/p>\n\n\n\n<p>Mielenterveyden vahvistaminen on arvokas sijoitus itseesi \u2013 pienetkin askeleet viev\u00e4t kohti parempaa oloa.<\/p>\n\n\n\n<p>L\u00f6yd\u00e4tk\u00f6 tehokkaita stressinhallintakeinoja, jotka auttavat sinua palautumaan ja s\u00e4ilytt\u00e4m\u00e4\u00e4n tasapainon kiireenkin keskell\u00e4?<\/p>\n<\/div><\/div>\n\n\n\n<h2 class=\"wp-block-heading alignwide\"><br>8. Henkinen kasvu ja spirituaalisuus<\/h2>\n\n\n\n<details class=\"wp-block-details alignwide is-layout-flow wp-block-details-is-layout-flow\"><summary>N\u00e4m\u00e4 teemat ovat t\u00e4rkeit\u00e4 keskusteluhoidossa, sill\u00e4 ne auttavat asiakkaita syvent\u00e4m\u00e4\u00e4n itseymm\u00e4rryst\u00e4\u00e4n ja l\u00f6yt\u00e4m\u00e4\u00e4n merkityst\u00e4 el\u00e4m\u00e4\u00e4ns\u00e4. Ne tarjoavat my\u00f6s mahdollisuuden tutkia omia arvoja ja uskomuksia, mik\u00e4 voi edist\u00e4\u00e4 henkist\u00e4 hyvinvointia ja kasvua.<\/summary>\n<p><\/p>\n<\/details>\n\n\n\n<div class=\"wp-block-media-text alignwide has-media-on-the-right is-stacked-on-mobile\"><div class=\"wp-block-media-text__content\">\n<p>Henkinen kasvu ja spirituaalisuus avaavat polun syvemp\u00e4\u00e4n itsetuntemukseen, merkityksellisemp\u00e4\u00e4n el\u00e4m\u00e4\u00e4n ja kokonaisvaltaiseen hyvinvointiin \u2013 jokainen askel on mahdollisuus l\u00f6yt\u00e4\u00e4 uusia oivalluksia itsest\u00e4si ja ymp\u00e4r\u00f6iv\u00e4st\u00e4 maailmasta.<\/p>\n\n\n\n<p>Oletko kiinnostunut syvent\u00e4m\u00e4\u00e4n itseymm\u00e4rryst\u00e4si ja l\u00f6yt\u00e4m\u00e4\u00e4n uudenlaista merkityksellisyytt\u00e4 el\u00e4m\u00e4\u00e4si?<\/p>\n\n\n\n<p>Ent\u00e4 jos pys\u00e4htyisit pohtimaan, mik\u00e4 tekee el\u00e4m\u00e4st\u00e4si arvokasta ja merkityksellist\u00e4 juuri sinulle?<\/p>\n\n\n\n<p>Haluaisitko rauhoittua tietoisen l\u00e4sn\u00e4olon, meditaation tai kiitollisuusharjoitusten avulla ja vahvistaa henkist\u00e4 hyvinvointiasi?<\/p>\n\n\n\n<p>Mitk\u00e4 arvot ja uskomukset ohjaavat valintojasi \u2013 voisiko niiden pohtiminen tuoda selkeytt\u00e4 ja hyvinvointia arkeesi?<\/p>\n\n\n\n<p>Rohkaistutko pohtimaan, miten tehd\u00e4 eettisesti kest\u00e4vi\u00e4 valintoja, jotka tukevat sek\u00e4 omaa kasvua ett\u00e4 ymp\u00e4rist\u00f6\u00e4si?<\/p>\n<\/div><figure class=\"wp-block-media-text__media\"><img data-dominant-color=\"534b3c\" data-has-transparency=\"false\" style=\"--dominant-color: #534b3c;\" loading=\"lazy\" decoding=\"async\" width=\"1024\" height=\"1024\" src=\"https:\/\/psyykkari.fi\/wp-content\/uploads\/2025\/11\/Henkinen-kasvu.avif\" alt=\"\" class=\"wp-image-1376 size-full not-transparent\" srcset=\"https:\/\/psyykkari.fi\/wp-content\/uploads\/2025\/11\/Henkinen-kasvu.avif 1024w, https:\/\/psyykkari.fi\/wp-content\/uploads\/2025\/11\/Henkinen-kasvu-300x300.avif 300w, https:\/\/psyykkari.fi\/wp-content\/uploads\/2025\/11\/Henkinen-kasvu-150x150.avif 150w, https:\/\/psyykkari.fi\/wp-content\/uploads\/2025\/11\/Henkinen-kasvu-768x768.avif 768w\" sizes=\"auto, (max-width: 1024px) 100vw, 1024px\" \/><\/figure><\/div>\n\n\n\n<div class=\"wp-block-group alignwide has-global-padding is-layout-constrained wp-block-group-is-layout-constrained\">\n<div class=\"wp-block-group alignwide is-layout-flow wp-container-core-group-is-layout-d58a0413 wp-block-group-is-layout-flow\" style=\"padding-top:var(--wp--preset--spacing--50);padding-bottom:var(--wp--preset--spacing--50)\">\n<h2 class=\"wp-block-heading has-text-align-left\">9. Luovuus ja Itsens\u00e4 Ilmaiseminen<\/h2>\n\n\n\n<details class=\"wp-block-details is-layout-flow wp-block-details-is-layout-flow\"><summary>Luovuus ja itsens\u00e4 ilmaiseminen k\u00e4sittelev\u00e4t yksil\u00f6n kyky\u00e4 k\u00e4ytt\u00e4\u00e4 luovaa ajattelua ja ilmaisukeinoja oman identiteettins\u00e4 ja tunteidensa kuvaamiseen. T\u00e4m\u00e4 osio korostaa luovuuden merkityst\u00e4 hyvinvoinnissa ja henkil\u00f6kohtaisessa kasvussa. Tavoitteena on rohkaista asiakkaita l\u00f6yt\u00e4m\u00e4\u00e4n omia luovia tapojaan ilmaista itse\u00e4\u00e4n sek\u00e4 kehitt\u00e4m\u00e4\u00e4n taitoja, jotka auttavat heit\u00e4 navigoimaan el\u00e4m\u00e4n haasteissa.<\/summary>\n<p><\/p>\n<\/details>\n<\/div>\n\n\n\n<div class=\"wp-block-media-text alignwide is-stacked-on-mobile\"><figure class=\"wp-block-media-text__media\"><img data-dominant-color=\"808079\" data-has-transparency=\"false\" style=\"--dominant-color: #808079;\" loading=\"lazy\" decoding=\"async\" width=\"512\" height=\"512\" src=\"https:\/\/psyykkari.fi\/wp-content\/uploads\/2025\/11\/IMG_1561.avif\" alt=\"\" class=\"wp-image-1380 size-full not-transparent\" srcset=\"https:\/\/psyykkari.fi\/wp-content\/uploads\/2025\/11\/IMG_1561.avif 512w, https:\/\/psyykkari.fi\/wp-content\/uploads\/2025\/11\/IMG_1561-300x300.avif 300w, https:\/\/psyykkari.fi\/wp-content\/uploads\/2025\/11\/IMG_1561-150x150.avif 150w\" sizes=\"auto, (max-width: 512px) 100vw, 512px\" \/><\/figure><div class=\"wp-block-media-text__content\">\n<p>Luovuus ja itsens\u00e4 ilmaiseminen auttavat l\u00f6yt\u00e4m\u00e4\u00e4n omat vahvuudet, k\u00e4sittelem\u00e4\u00e4n tunteita sek\u00e4 rikastuttamaan arkea \u2013 niiden avulla l\u00f6yd\u00e4t uusia mahdollisuuksia kasvuun, oivalluksiin ja merkitykselliseen el\u00e4m\u00e4\u00e4n.<\/p>\n\n\n\n<p>L\u00f6yd\u00e4tk\u00f6 itsest\u00e4si rohkeutta kokeilla uusia tapoja ajatella ja luoda \u2013 voisiko luovuutesi yll\u00e4tt\u00e4\u00e4 sinutkin?<\/p>\n\n\n\n<p>Miten erilaiset ilmaisun muodot, kuten kirjoittaminen, piirt\u00e4minen tai musiikki, voisivat avata polun tunteiden ja ajatusten k\u00e4sittelyyn?<\/p>\n\n\n\n<p>Milt\u00e4 tuntuisi antaa taiteelle ja kulttuurille mahdollisuus vahvistaa hyvinvointiasi ja rikastuttaa arkeasi?<\/p>\n\n\n\n<p>Oletko kokeillut luovia ratkaisukeinoja arjen haasteisiin \u2013 voisiko tuore n\u00e4k\u00f6kulma ratkaista ongelmasi?<\/p>\n\n\n\n<p>Millainen ymp\u00e4rist\u00f6 ja innostus sytytt\u00e4v\u00e4t sinussa inspiraation kipin\u00e4n kohti uusia luovia seikkailuja?<\/p>\n<\/div><\/div>\n\n\n\n<div class=\"wp-block-group alignwide is-layout-flow wp-container-core-group-is-layout-d58a0413 wp-block-group-is-layout-flow\" style=\"padding-top:var(--wp--preset--spacing--50);padding-bottom:var(--wp--preset--spacing--50)\">\n<h2 class=\"wp-block-heading has-text-align-left\">10. Muutos ja uuden aloittaminen<\/h2>\n\n\n\n<details class=\"wp-block-details is-layout-flow wp-block-details-is-layout-flow\"><summary>Muutos ja uuden aloittaminen k\u00e4sittelev\u00e4t prosesseja, joissa yksil\u00f6t siirtyv\u00e4t uusille el\u00e4m\u00e4npoluille tai el\u00e4m\u00e4nvaiheisiin. T\u00e4m\u00e4 voi liitty\u00e4 esimerkiksi ty\u00f6el\u00e4m\u00e4\u00e4n, ihmissuhteisiin tai henkil\u00f6kohtaisiin tavoitteisiin. Teemojen tavoitteena on auttaa asiakkaita kohtaamaan muutoksia my\u00f6nteisesti ja kehitt\u00e4m\u00e4\u00e4n valmiuksia uuden omaksumiseen.<\/summary>\n<p><\/p>\n<\/details>\n\n\n\n<div class=\"wp-block-media-text has-media-on-the-right is-stacked-on-mobile\"><div class=\"wp-block-media-text__content\">\n<p>Ent\u00e4 jos ottaisit uuden el\u00e4m\u00e4nvaiheen vastaan uteliaisuudella \u2013 voisiko muutos avata uusia mahdollisuuksia?<\/p>\n\n\n\n<p>Mit\u00e4 pieni\u00e4 askelia voisit ottaa t\u00e4n\u00e4\u00e4n, jotta p\u00e4\u00e4sisit kohti toivomaasi muutosta?<\/p>\n\n\n\n<p>Onko nyt oikea hetki astua rohkeasti kohti uutta \u2013 voisiko yll\u00e4tyksi\u00e4 ja kasvua l\u00f6yty\u00e4 mukavuusalueen ulkopuolelta?<\/p>\n\n\n\n<p>Miten tietoinen pohdinta ja harkitut p\u00e4\u00e4t\u00f6kset auttaisivat sinua l\u00f6yt\u00e4m\u00e4\u00e4n oman suuntasi muutoksessa?<\/p>\n\n\n\n<p>Millaisia taitoja haluaisit oppia ja miten voisit sopeutua uuteen niin, ett\u00e4 kasvusi jatkuu ja itseluottamuksesi vahvistuu?<\/p>\n\n\n\n<p>Muutos ja uuden aloittaminen tuovat el\u00e4m\u00e4\u00e4n mahdollisuuksia, rohkeutta ja kasvua \u2013 voit l\u00f6yt\u00e4\u00e4 uusia tapoja selvit\u00e4, oppia ja vahvistua jokaisen muutoksen my\u00f6t\u00e4.<\/p>\n<\/div><figure class=\"wp-block-media-text__media\"><img data-dominant-color=\"7d6950\" data-has-transparency=\"false\" style=\"--dominant-color: #7d6950;\" loading=\"lazy\" decoding=\"async\" width=\"1024\" height=\"1024\" src=\"https:\/\/psyykkari.fi\/wp-content\/uploads\/2025\/11\/Muutos-ja-uuden-aloittaminen.avif\" alt=\"\" class=\"wp-image-1384 size-full not-transparent\" srcset=\"https:\/\/psyykkari.fi\/wp-content\/uploads\/2025\/11\/Muutos-ja-uuden-aloittaminen.avif 1024w, https:\/\/psyykkari.fi\/wp-content\/uploads\/2025\/11\/Muutos-ja-uuden-aloittaminen-300x300.avif 300w, https:\/\/psyykkari.fi\/wp-content\/uploads\/2025\/11\/Muutos-ja-uuden-aloittaminen-150x150.avif 150w, https:\/\/psyykkari.fi\/wp-content\/uploads\/2025\/11\/Muutos-ja-uuden-aloittaminen-768x768.avif 768w\" sizes=\"auto, (max-width: 1024px) 100vw, 1024px\" \/><\/figure><\/div>\n\n\n\n<div class=\"wp-block-group alignwide is-layout-flow wp-container-core-group-is-layout-d58a0413 wp-block-group-is-layout-flow\" style=\"padding-top:var(--wp--preset--spacing--50);padding-bottom:var(--wp--preset--spacing--50)\">\n<h2 class=\"wp-block-heading has-text-align-center\">Kysymyksi\u00e4 tai kommentteja?<\/h2>\n\n\n\n<p class=\"has-text-align-center\"><strong><em>Varaa ilmainen soittoaika, jos haluat keskustella ja sopia terapiasta aluksi, tai voit my\u00f6s varata terapia-ajan suoraan:<\/em><\/strong><\/p>\n\n\n\n<div class=\"wp-block-buttons is-content-justification-center is-layout-flex wp-container-core-buttons-is-layout-a89b3969 wp-block-buttons-is-layout-flex\">\n<div class=\"wp-block-button\"><a class=\"wp-block-button__link wp-element-button\" href=\"https:\/\/psyykkari.fi\/index.php\/psykologipalvelu\/yhteydenottolomake\/\">Varaa aika tai l\u00e4het\u00e4 viesti<\/a><\/div>\n<\/div>\n\n\n\n<p class=\"has-text-align-center\">Alla olevalla lomakkeella voit my\u00f6s l\u00e4hett\u00e4\u00e4 soittopyynn\u00f6n tai muita kommentteja tai kysymyksi\u00e4.<\/p>\n\n\n\n<div class=\"wp-block-contact-form-7-contact-form-selector\">\n<div class=\"wpcf7 no-js\" id=\"wpcf7-f343-o1\" lang=\"fi\" dir=\"ltr\" data-wpcf7-id=\"343\">\n<div class=\"screen-reader-response\"><p role=\"status\" aria-live=\"polite\" aria-atomic=\"true\"><\/p> <ul><\/ul><\/div>\n<form action=\"\/index.php\/wp-json\/wp\/v2\/pages\/270#wpcf7-f343-o1\" method=\"post\" class=\"wpcf7-form init\" aria-label=\"Yhteydenottolomake\" novalidate=\"novalidate\" data-status=\"init\">\n<fieldset class=\"hidden-fields-container\"><input type=\"hidden\" name=\"_wpcf7\" value=\"343\" \/><input type=\"hidden\" name=\"_wpcf7_version\" value=\"6.1.5\" \/><input type=\"hidden\" name=\"_wpcf7_locale\" value=\"fi\" \/><input type=\"hidden\" name=\"_wpcf7_unit_tag\" value=\"wpcf7-f343-o1\" \/><input type=\"hidden\" name=\"_wpcf7_container_post\" value=\"0\" \/><input type=\"hidden\" name=\"_wpcf7_posted_data_hash\" value=\"\" \/><input type=\"hidden\" name=\"_wpcf7_recaptcha_response\" value=\"\" \/>\n<\/fieldset>\n<p><label> Nimesi<br \/>\n<span class=\"wpcf7-form-control-wrap\" data-name=\"your-name\"><input size=\"40\" maxlength=\"400\" class=\"wpcf7-form-control wpcf7-text wpcf7-validates-as-required\" autocomplete=\"name\" aria-required=\"true\" aria-invalid=\"false\" value=\"\" type=\"text\" name=\"your-name\" \/><\/span> <\/label>\n<\/p>\n<p><label> S\u00e4hk\u00f6postiosoitteesi<br \/>\n<span class=\"wpcf7-form-control-wrap\" data-name=\"your-email\"><input size=\"40\" maxlength=\"400\" class=\"wpcf7-form-control wpcf7-email wpcf7-validates-as-required wpcf7-text wpcf7-validates-as-email\" autocomplete=\"email\" aria-required=\"true\" aria-invalid=\"false\" value=\"\" type=\"email\" name=\"your-email\" \/><\/span> <\/label>\n<\/p>\n<p><label> Aihe<br \/>\n<span class=\"wpcf7-form-control-wrap\" data-name=\"your-subject\"><input size=\"40\" maxlength=\"400\" class=\"wpcf7-form-control wpcf7-text wpcf7-validates-as-required\" aria-required=\"true\" aria-invalid=\"false\" value=\"\" type=\"text\" name=\"your-subject\" \/><\/span> <\/label>\n<\/p>\n<p><label> Puh (valinnainen)<br \/>\n<span class=\"wpcf7-form-control-wrap\" data-name=\"tel-277\"><input size=\"40\" maxlength=\"400\" class=\"wpcf7-form-control wpcf7-tel wpcf7-text wpcf7-validates-as-tel\" aria-invalid=\"false\" value=\"\" type=\"tel\" name=\"tel-277\" \/><\/span> <\/label>\n<\/p>\n<p><label> Viestisi (valinnainen)<br \/>\n<span class=\"wpcf7-form-control-wrap\" data-name=\"your-message\"><textarea cols=\"40\" rows=\"10\" maxlength=\"2000\" class=\"wpcf7-form-control wpcf7-textarea\" aria-invalid=\"false\" name=\"your-message\"><\/textarea><\/span> <\/label>\n<\/p>\n<p><input class=\"wpcf7-form-control wpcf7-submit has-spinner\" type=\"submit\" value=\"L\u00e4het\u00e4\" \/>\n<\/p><div class=\"wpcf7-response-output\" aria-hidden=\"true\"><\/div>\n<\/form>\n<\/div>\n<\/div>\n\n\n\n<hr class=\"wp-block-separator has-alpha-channel-opacity\"\/>\n\n\n\n<p class=\"has-medium-font-size\">T\u00e4m\u00e4 artikkelin kehitt\u00e4misess\u00e4 ja j\u00e4sentelyss\u00e4 on k\u00e4ytetty teko\u00e4ly\u00e4. My\u00f6s kuvat on luotu teko\u00e4lyn avulla. <\/p>\n<\/div>\n<\/div>\n<\/div>\n\n\n\n<hr class=\"wp-block-separator has-alpha-channel-opacity\"\/>\n","protected":false},"excerpt":{"rendered":"<p>Psykologin kanssa keskusteltaessa asiakkaan yksil\u00f6lliset tarpeet ja haasteet ovat keski\u00f6ss\u00e4. Keskustelujen aikana asiakas ja terapeutti tekev\u00e4t yhdess\u00e4 ty\u00f6t\u00e4 tavoitteiden saavuttamiseksi. Tavoitteet voidaan m\u00e4\u00e4ritt\u00e4\u00e4 joustavasti keskustelun edetess\u00e4, ja ne voivat muuttua asiakkaan prosessin edetess\u00e4 ja kun oppii uusia asioita itsest\u00e4\u00e4n ja el\u00e4m\u00e4st\u00e4\u00e4n. Psykologin keskusteluhoidon prosessi on vuorovaikutteinen ja asiakkaan aktiivinen osallistuminen on keskeist\u00e4. Keskustelujen aikana voidaan [&hellip;]<\/p>\n","protected":false},"author":1,"featured_media":233,"parent":6,"menu_order":0,"comment_status":"closed","ping_status":"closed","template":"","meta":{"om_disable_all_campaigns":false,"_monsterinsights_skip_tracking":false,"_monsterinsights_sitenote_active":false,"_monsterinsights_sitenote_note":"","_monsterinsights_sitenote_category":0,"footnotes":""},"class_list":["post-270","page","type-page","status-publish","has-post-thumbnail","hentry"],"yoast_head":"<!-- This site is optimized with the Yoast SEO plugin v27.5 - https:\/\/yoast.com\/product\/yoast-seo-wordpress\/ -->\n<title>Keskusteluhoito - Psykologipalvelu Kari Kilpel&auml;inen<\/title>\n<meta name=\"description\" content=\"Psykologin keskusteluhoito tukee hyvinvointia, tunteiden k\u00e4sittely\u00e4 ja el\u00e4m\u00e4nhallintaa. Ratkaisukeskeinen keskustelutuki auttaa l\u00f6yt\u00e4m\u00e4\u00e4n voimavarat ja ratkaisut.\" \/>\n<meta name=\"robots\" content=\"index, follow, max-snippet:-1, max-image-preview:large, max-video-preview:-1\" \/>\n<link rel=\"canonical\" href=\"https:\/\/psyykkari.fi\/index.php\/psykologipalvelu\/psykologin-keskusteluhoito\/\" \/>\n<meta property=\"og:locale\" content=\"fi_FI\" \/>\n<meta property=\"og:type\" content=\"article\" \/>\n<meta property=\"og:title\" content=\"Keskusteluhoito - Psykologipalvelu Kari Kilpel&auml;inen\" \/>\n<meta property=\"og:description\" content=\"Psykologin keskusteluhoito tukee hyvinvointia, tunteiden k\u00e4sittely\u00e4 ja el\u00e4m\u00e4nhallintaa. Ratkaisukeskeinen keskustelutuki auttaa l\u00f6yt\u00e4m\u00e4\u00e4n voimavarat ja ratkaisut.\" \/>\n<meta property=\"og:url\" content=\"https:\/\/psyykkari.fi\/index.php\/psykologipalvelu\/psykologin-keskusteluhoito\/\" \/>\n<meta property=\"og:site_name\" content=\"Psykologipalvelu Kari Kilpel&auml;inen\" \/>\n<meta property=\"article:publisher\" content=\"https:\/\/www.facebook.com\/profile.php?id=61569898660827\" \/>\n<meta property=\"article:modified_time\" content=\"2026-01-07T10:44:18+00:00\" \/>\n<meta property=\"og:image\" content=\"https:\/\/psyykkari.fi\/wp-content\/uploads\/2024\/12\/AI_Generated_Image_2024-12-18_472205665028201.jpg\" \/>\n\t<meta property=\"og:image:width\" content=\"1024\" \/>\n\t<meta property=\"og:image:height\" content=\"1024\" \/>\n\t<meta property=\"og:image:type\" content=\"image\/jpeg\" \/>\n<meta name=\"twitter:card\" content=\"summary_large_image\" \/>\n<meta name=\"twitter:label1\" content=\"Arvioitu lukuaika\" \/>\n\t<meta name=\"twitter:data1\" content=\"13 minuuttia\" \/>\n<script type=\"application\/ld+json\" class=\"yoast-schema-graph\">{\"@context\":\"https:\\\/\\\/schema.org\",\"@graph\":[{\"@type\":\"WebPage\",\"@id\":\"https:\\\/\\\/psyykkari.fi\\\/index.php\\\/psykologipalvelu\\\/psykologin-keskusteluhoito\\\/\",\"url\":\"https:\\\/\\\/psyykkari.fi\\\/index.php\\\/psykologipalvelu\\\/psykologin-keskusteluhoito\\\/\",\"name\":\"Keskusteluhoito - Psykologipalvelu Kari Kilpel&auml;inen\",\"isPartOf\":{\"@id\":\"https:\\\/\\\/psyykkari.fi\\\/#website\"},\"primaryImageOfPage\":{\"@id\":\"https:\\\/\\\/psyykkari.fi\\\/index.php\\\/psykologipalvelu\\\/psykologin-keskusteluhoito\\\/#primaryimage\"},\"image\":{\"@id\":\"https:\\\/\\\/psyykkari.fi\\\/index.php\\\/psykologipalvelu\\\/psykologin-keskusteluhoito\\\/#primaryimage\"},\"thumbnailUrl\":\"https:\\\/\\\/psyykkari.fi\\\/wp-content\\\/uploads\\\/2024\\\/12\\\/AI_Generated_Image_2024-12-18_472205665028201.jpg\",\"datePublished\":\"2024-12-26T08:30:49+00:00\",\"dateModified\":\"2026-01-07T10:44:18+00:00\",\"description\":\"Psykologin keskusteluhoito tukee hyvinvointia, tunteiden k\u00e4sittely\u00e4 ja el\u00e4m\u00e4nhallintaa. Ratkaisukeskeinen keskustelutuki auttaa l\u00f6yt\u00e4m\u00e4\u00e4n voimavarat ja ratkaisut.\",\"breadcrumb\":{\"@id\":\"https:\\\/\\\/psyykkari.fi\\\/index.php\\\/psykologipalvelu\\\/psykologin-keskusteluhoito\\\/#breadcrumb\"},\"inLanguage\":\"fi\",\"potentialAction\":[{\"@type\":\"ReadAction\",\"target\":[\"https:\\\/\\\/psyykkari.fi\\\/index.php\\\/psykologipalvelu\\\/psykologin-keskusteluhoito\\\/\"]}]},{\"@type\":\"ImageObject\",\"inLanguage\":\"fi\",\"@id\":\"https:\\\/\\\/psyykkari.fi\\\/index.php\\\/psykologipalvelu\\\/psykologin-keskusteluhoito\\\/#primaryimage\",\"url\":\"https:\\\/\\\/psyykkari.fi\\\/wp-content\\\/uploads\\\/2024\\\/12\\\/AI_Generated_Image_2024-12-18_472205665028201.jpg\",\"contentUrl\":\"https:\\\/\\\/psyykkari.fi\\\/wp-content\\\/uploads\\\/2024\\\/12\\\/AI_Generated_Image_2024-12-18_472205665028201.jpg\",\"width\":1024,\"height\":1024,\"caption\":\"Ratkaisukeskeinen keskustelu et\u00e4yhteydel\u00e4\"},{\"@type\":\"BreadcrumbList\",\"@id\":\"https:\\\/\\\/psyykkari.fi\\\/index.php\\\/psykologipalvelu\\\/psykologin-keskusteluhoito\\\/#breadcrumb\",\"itemListElement\":[{\"@type\":\"ListItem\",\"position\":1,\"name\":\"Etusivu\",\"item\":\"https:\\\/\\\/psyykkari.fi\\\/\"},{\"@type\":\"ListItem\",\"position\":2,\"name\":\"Etusivu\",\"item\":\"https:\\\/\\\/psyykkari.fi\\\/\"},{\"@type\":\"ListItem\",\"position\":3,\"name\":\"Keskusteluhoito\"}]},{\"@type\":\"WebSite\",\"@id\":\"https:\\\/\\\/psyykkari.fi\\\/#website\",\"url\":\"https:\\\/\\\/psyykkari.fi\\\/\",\"name\":\"Psykologipalvelu Kari Kilpel\u00e4inen\",\"description\":\"Ratkaisukeskeist&auml; keskustelutukea\",\"publisher\":{\"@id\":\"https:\\\/\\\/psyykkari.fi\\\/#organization\"},\"potentialAction\":[{\"@type\":\"SearchAction\",\"target\":{\"@type\":\"EntryPoint\",\"urlTemplate\":\"https:\\\/\\\/psyykkari.fi\\\/?s={search_term_string}\"},\"query-input\":{\"@type\":\"PropertyValueSpecification\",\"valueRequired\":true,\"valueName\":\"search_term_string\"}}],\"inLanguage\":\"fi\"},{\"@type\":\"Organization\",\"@id\":\"https:\\\/\\\/psyykkari.fi\\\/#organization\",\"name\":\"Psykologipalvelu Kari Kilpel\u00e4inen\",\"url\":\"https:\\\/\\\/psyykkari.fi\\\/\",\"logo\":{\"@type\":\"ImageObject\",\"inLanguage\":\"fi\",\"@id\":\"https:\\\/\\\/psyykkari.fi\\\/#\\\/schema\\\/logo\\\/image\\\/\",\"url\":\"https:\\\/\\\/psyykkari.fi\\\/wp-content\\\/uploads\\\/2025\\\/12\\\/logo500.avif\",\"contentUrl\":\"https:\\\/\\\/psyykkari.fi\\\/wp-content\\\/uploads\\\/2025\\\/12\\\/logo500.avif\",\"width\":500,\"height\":500,\"caption\":\"Psykologipalvelu Kari Kilpel\u00e4inen\"},\"image\":{\"@id\":\"https:\\\/\\\/psyykkari.fi\\\/#\\\/schema\\\/logo\\\/image\\\/\"},\"sameAs\":[\"https:\\\/\\\/www.facebook.com\\\/profile.php?id=61569898660827\"]}]}<\/script>\n<!-- \/ Yoast SEO plugin. -->","yoast_head_json":{"title":"Keskusteluhoito - Psykologipalvelu Kari Kilpel&auml;inen","description":"Psykologin keskusteluhoito tukee hyvinvointia, tunteiden k\u00e4sittely\u00e4 ja el\u00e4m\u00e4nhallintaa. Ratkaisukeskeinen keskustelutuki auttaa l\u00f6yt\u00e4m\u00e4\u00e4n voimavarat ja ratkaisut.","robots":{"index":"index","follow":"follow","max-snippet":"max-snippet:-1","max-image-preview":"max-image-preview:large","max-video-preview":"max-video-preview:-1"},"canonical":"https:\/\/psyykkari.fi\/index.php\/psykologipalvelu\/psykologin-keskusteluhoito\/","og_locale":"fi_FI","og_type":"article","og_title":"Keskusteluhoito - Psykologipalvelu Kari Kilpel&auml;inen","og_description":"Psykologin keskusteluhoito tukee hyvinvointia, tunteiden k\u00e4sittely\u00e4 ja el\u00e4m\u00e4nhallintaa. Ratkaisukeskeinen keskustelutuki auttaa l\u00f6yt\u00e4m\u00e4\u00e4n voimavarat ja ratkaisut.","og_url":"https:\/\/psyykkari.fi\/index.php\/psykologipalvelu\/psykologin-keskusteluhoito\/","og_site_name":"Psykologipalvelu Kari Kilpel&auml;inen","article_publisher":"https:\/\/www.facebook.com\/profile.php?id=61569898660827","article_modified_time":"2026-01-07T10:44:18+00:00","og_image":[{"width":1024,"height":1024,"url":"https:\/\/psyykkari.fi\/wp-content\/uploads\/2024\/12\/AI_Generated_Image_2024-12-18_472205665028201.jpg","type":"image\/jpeg"}],"twitter_card":"summary_large_image","twitter_misc":{"Arvioitu lukuaika":"13 minuuttia"},"schema":{"@context":"https:\/\/schema.org","@graph":[{"@type":"WebPage","@id":"https:\/\/psyykkari.fi\/index.php\/psykologipalvelu\/psykologin-keskusteluhoito\/","url":"https:\/\/psyykkari.fi\/index.php\/psykologipalvelu\/psykologin-keskusteluhoito\/","name":"Keskusteluhoito - Psykologipalvelu Kari Kilpel&auml;inen","isPartOf":{"@id":"https:\/\/psyykkari.fi\/#website"},"primaryImageOfPage":{"@id":"https:\/\/psyykkari.fi\/index.php\/psykologipalvelu\/psykologin-keskusteluhoito\/#primaryimage"},"image":{"@id":"https:\/\/psyykkari.fi\/index.php\/psykologipalvelu\/psykologin-keskusteluhoito\/#primaryimage"},"thumbnailUrl":"https:\/\/psyykkari.fi\/wp-content\/uploads\/2024\/12\/AI_Generated_Image_2024-12-18_472205665028201.jpg","datePublished":"2024-12-26T08:30:49+00:00","dateModified":"2026-01-07T10:44:18+00:00","description":"Psykologin keskusteluhoito tukee hyvinvointia, tunteiden k\u00e4sittely\u00e4 ja el\u00e4m\u00e4nhallintaa. Ratkaisukeskeinen keskustelutuki auttaa l\u00f6yt\u00e4m\u00e4\u00e4n voimavarat ja ratkaisut.","breadcrumb":{"@id":"https:\/\/psyykkari.fi\/index.php\/psykologipalvelu\/psykologin-keskusteluhoito\/#breadcrumb"},"inLanguage":"fi","potentialAction":[{"@type":"ReadAction","target":["https:\/\/psyykkari.fi\/index.php\/psykologipalvelu\/psykologin-keskusteluhoito\/"]}]},{"@type":"ImageObject","inLanguage":"fi","@id":"https:\/\/psyykkari.fi\/index.php\/psykologipalvelu\/psykologin-keskusteluhoito\/#primaryimage","url":"https:\/\/psyykkari.fi\/wp-content\/uploads\/2024\/12\/AI_Generated_Image_2024-12-18_472205665028201.jpg","contentUrl":"https:\/\/psyykkari.fi\/wp-content\/uploads\/2024\/12\/AI_Generated_Image_2024-12-18_472205665028201.jpg","width":1024,"height":1024,"caption":"Ratkaisukeskeinen keskustelu et\u00e4yhteydel\u00e4"},{"@type":"BreadcrumbList","@id":"https:\/\/psyykkari.fi\/index.php\/psykologipalvelu\/psykologin-keskusteluhoito\/#breadcrumb","itemListElement":[{"@type":"ListItem","position":1,"name":"Etusivu","item":"https:\/\/psyykkari.fi\/"},{"@type":"ListItem","position":2,"name":"Etusivu","item":"https:\/\/psyykkari.fi\/"},{"@type":"ListItem","position":3,"name":"Keskusteluhoito"}]},{"@type":"WebSite","@id":"https:\/\/psyykkari.fi\/#website","url":"https:\/\/psyykkari.fi\/","name":"Psykologipalvelu Kari Kilpel\u00e4inen","description":"Ratkaisukeskeist&auml; keskustelutukea","publisher":{"@id":"https:\/\/psyykkari.fi\/#organization"},"potentialAction":[{"@type":"SearchAction","target":{"@type":"EntryPoint","urlTemplate":"https:\/\/psyykkari.fi\/?s={search_term_string}"},"query-input":{"@type":"PropertyValueSpecification","valueRequired":true,"valueName":"search_term_string"}}],"inLanguage":"fi"},{"@type":"Organization","@id":"https:\/\/psyykkari.fi\/#organization","name":"Psykologipalvelu Kari Kilpel\u00e4inen","url":"https:\/\/psyykkari.fi\/","logo":{"@type":"ImageObject","inLanguage":"fi","@id":"https:\/\/psyykkari.fi\/#\/schema\/logo\/image\/","url":"https:\/\/psyykkari.fi\/wp-content\/uploads\/2025\/12\/logo500.avif","contentUrl":"https:\/\/psyykkari.fi\/wp-content\/uploads\/2025\/12\/logo500.avif","width":500,"height":500,"caption":"Psykologipalvelu Kari Kilpel\u00e4inen"},"image":{"@id":"https:\/\/psyykkari.fi\/#\/schema\/logo\/image\/"},"sameAs":["https:\/\/www.facebook.com\/profile.php?id=61569898660827"]}]}},"_links":{"self":[{"href":"https:\/\/psyykkari.fi\/index.php\/wp-json\/wp\/v2\/pages\/270","targetHints":{"allow":["GET"]}}],"collection":[{"href":"https:\/\/psyykkari.fi\/index.php\/wp-json\/wp\/v2\/pages"}],"about":[{"href":"https:\/\/psyykkari.fi\/index.php\/wp-json\/wp\/v2\/types\/page"}],"author":[{"embeddable":true,"href":"https:\/\/psyykkari.fi\/index.php\/wp-json\/wp\/v2\/users\/1"}],"replies":[{"embeddable":true,"href":"https:\/\/psyykkari.fi\/index.php\/wp-json\/wp\/v2\/comments?post=270"}],"version-history":[{"count":122,"href":"https:\/\/psyykkari.fi\/index.php\/wp-json\/wp\/v2\/pages\/270\/revisions"}],"predecessor-version":[{"id":1589,"href":"https:\/\/psyykkari.fi\/index.php\/wp-json\/wp\/v2\/pages\/270\/revisions\/1589"}],"up":[{"embeddable":true,"href":"https:\/\/psyykkari.fi\/index.php\/wp-json\/wp\/v2\/pages\/6"}],"wp:featuredmedia":[{"embeddable":true,"href":"https:\/\/psyykkari.fi\/index.php\/wp-json\/wp\/v2\/media\/233"}],"wp:attachment":[{"href":"https:\/\/psyykkari.fi\/index.php\/wp-json\/wp\/v2\/media?parent=270"}],"curies":[{"name":"wp","href":"https:\/\/api.w.org\/{rel}","templated":true}]}}