{"id":154,"date":"2024-12-16T18:31:33","date_gmt":"2024-12-16T18:31:33","guid":{"rendered":"https:\/\/psyykkari.fi\/?page_id=154"},"modified":"2025-12-23T15:12:58","modified_gmt":"2025-12-23T15:12:58","slug":"ammatillinen-taustani-ja-osaamiseni","status":"publish","type":"page","link":"https:\/\/psyykkari.fi\/index.php\/psykologipalvelu\/ammatillinen-taustani-ja-osaamiseni\/","title":{"rendered":"Ammatillinen tausta"},"content":{"rendered":"\n<div class=\"wp-block-cover alignwide has-custom-content-position is-position-bottom-center\" style=\"min-height:100vh;aspect-ratio:unset;\"><img loading=\"lazy\" decoding=\"async\" width=\"2560\" height=\"1920\" class=\"wp-block-cover__image-background wp-image-218\" alt=\"Ratkaisukeskeinen terapia auttaa mielikuvien avulla\" src=\"https:\/\/psyykkari.fi\/wp-content\/uploads\/2024\/12\/IMG_7648-scaled.jpeg\" data-object-fit=\"cover\" srcset=\"https:\/\/psyykkari.fi\/wp-content\/uploads\/2024\/12\/IMG_7648-scaled.jpeg 2560w, https:\/\/psyykkari.fi\/wp-content\/uploads\/2024\/12\/IMG_7648-300x225.jpeg 300w, https:\/\/psyykkari.fi\/wp-content\/uploads\/2024\/12\/IMG_7648-1024x768.jpeg 1024w, https:\/\/psyykkari.fi\/wp-content\/uploads\/2024\/12\/IMG_7648-768x576.jpeg 768w, https:\/\/psyykkari.fi\/wp-content\/uploads\/2024\/12\/IMG_7648-1536x1152.jpeg 1536w, https:\/\/psyykkari.fi\/wp-content\/uploads\/2024\/12\/IMG_7648-2048x1536.jpeg 2048w\" sizes=\"auto, (max-width: 2560px) 100vw, 2560px\" \/><span aria-hidden=\"true\" class=\"wp-block-cover__background has-background-dim\"><\/span><div class=\"wp-block-cover__inner-container is-layout-flow wp-block-cover-is-layout-flow\">\n<h1 class=\"wp-block-heading\" style=\"margin-top:var(--wp--preset--spacing--70);margin-bottom:var(--wp--preset--spacing--70);margin-left:var(--wp--preset--spacing--50)\">Ammatillinen taustani ja osaamiseni<\/h1>\n<\/div><\/div>\n\n\n\n<div class=\"wp-block-media-text alignwide has-media-on-the-right is-stacked-on-mobile\"><div class=\"wp-block-media-text__content\">\n<h2 class=\"wp-block-heading\">Ammatillinen tausta ja psykologin osaaminen<\/h2>\n\n\n\n<p>Minulla on 30 vuoden laaja ja monipuolinen <a title=\"Koulutus ja ty\u00f6kokemus\" href=\"https:\/\/psyykkari.fi\/index.php\/etusivu\/elamankerta\/\">ty\u00f6kokemus<\/a> psykologin teht\u00e4vist\u00e4. Lyhytterapeuttikoulutuksia olen suorittanut Tampereen yliopistossa ja Suhdeterapia Oy:n koulutuksissa. Olen ty\u00f6skennellyt Pirkanmaan TE-toimistossa ammatinvalintapsykologina, psykologitiimin esimiehen\u00e4 ja Asiakaspalvelun tuki -ryhmien palvelup\u00e4\u00e4llikk\u00f6n\u00e4. N\u00e4iss\u00e4 rooleissa olen saanut vahvan osaamisen monenlaisissa el\u00e4m\u00e4ntilanteissa olevien asiakkaiden ohjauksesta ja tukemisesta sek\u00e4 haastavien tilanteiden ratkaisemisesta.<\/p>\n\n\n\n<h2 class=\"wp-block-heading\">Asiakaskunta ja kohderyhm\u00e4t<\/h2>\n\n\n\n<p>Tampereen TE-toimistossa aloitin 1994 ryhm\u00e4palveluissa ja ohjasin henkil\u00f6kohtaisen urasuunnittelun lis\u00e4ksi sek\u00e4 nuorten ett\u00e4 pitk\u00e4\u00e4n ty\u00f6tt\u00f6m\u00e4n\u00e4 olleiden aikuisten ohjauksellisia ryhmi\u00e4. Olen ollut mukana k\u00e4ynnist\u00e4m\u00e4ss\u00e4 useita palveluita sek\u00e4 nuorille ett\u00e4 aikuisille ja ty\u00f6el\u00e4m\u00e4n eri tarpeisiin, mm. Tampereen aikuiskoulutuskeskuksessa. Nykyisin olen mukana Propon vertaistukitoiminnassa.<\/p>\n\n\n\n<p>Olen ty\u00f6skennellyt nuorten, aikuisten ja my\u00f6s ik\u00e4\u00e4ntyvien asiakkaiden kanssa. Minulla on pitk\u00e4 kokemus sek\u00e4 urasuunnittelusta ja ty\u00f6el\u00e4m\u00e4\u00e4n ohjauksesta ett\u00e4 ratkaisuihin pyrkiv\u00e4st\u00e4 yksil\u00f6terapiasta ja tulevaisuudentavoitteiden selkeytt\u00e4misest\u00e4.<\/p>\n<\/div><figure class=\"wp-block-media-text__media\"><img data-dominant-color=\"7a675e\" data-has-transparency=\"false\" style=\"--dominant-color: #7a675e;\" loading=\"lazy\" decoding=\"async\" width=\"886\" height=\"886\" src=\"https:\/\/psyykkari.fi\/wp-content\/uploads\/2025\/06\/F283C75F-40D7-435F-BB5A-50166893F157_1_105_c.webp\" alt=\"\" class=\"wp-image-621 size-full not-transparent\" srcset=\"https:\/\/psyykkari.fi\/wp-content\/uploads\/2025\/06\/F283C75F-40D7-435F-BB5A-50166893F157_1_105_c.webp 886w, https:\/\/psyykkari.fi\/wp-content\/uploads\/2025\/06\/F283C75F-40D7-435F-BB5A-50166893F157_1_105_c-300x300.webp 300w, https:\/\/psyykkari.fi\/wp-content\/uploads\/2025\/06\/F283C75F-40D7-435F-BB5A-50166893F157_1_105_c-150x150.webp 150w, https:\/\/psyykkari.fi\/wp-content\/uploads\/2025\/06\/F283C75F-40D7-435F-BB5A-50166893F157_1_105_c-768x768.webp 768w\" sizes=\"auto, (max-width: 886px) 100vw, 886px\" \/><\/figure><\/div>\n\n\n\n<div class=\"wp-block-media-text alignwide is-stacked-on-mobile\"><figure class=\"wp-block-media-text__media\"><img data-dominant-color=\"736e47\" data-has-transparency=\"false\" style=\"--dominant-color: #736e47;\" loading=\"lazy\" decoding=\"async\" width=\"1024\" height=\"1024\" src=\"https:\/\/psyykkari.fi\/wp-content\/uploads\/2025\/08\/AA5977CC-A443-4227-9B47-5CB405AAFD40_1_102_o.avif\" alt=\"Sosiaaliset taidot ja tukiverkostot ovat keskeisi\u00e4 hyvinvoinnin tukipilareita\" class=\"wp-image-959 size-full not-transparent\" srcset=\"https:\/\/psyykkari.fi\/wp-content\/uploads\/2025\/08\/AA5977CC-A443-4227-9B47-5CB405AAFD40_1_102_o.avif 1024w, https:\/\/psyykkari.fi\/wp-content\/uploads\/2025\/08\/AA5977CC-A443-4227-9B47-5CB405AAFD40_1_102_o-300x300.avif 300w, https:\/\/psyykkari.fi\/wp-content\/uploads\/2025\/08\/AA5977CC-A443-4227-9B47-5CB405AAFD40_1_102_o-150x150.avif 150w, https:\/\/psyykkari.fi\/wp-content\/uploads\/2025\/08\/AA5977CC-A443-4227-9B47-5CB405AAFD40_1_102_o-768x768.avif 768w\" sizes=\"auto, (max-width: 1024px) 100vw, 1024px\" \/><\/figure><div class=\"wp-block-media-text__content\">\n<h2 class=\"wp-block-heading\">Vertaistuki ja erityisosaaminen<\/h2>\n\n\n\n<p>Aloitin ty\u00f6uraani uudelleen 2025 toivuttuani eturauhassy\u00f6v\u00e4st\u00e4, johon sairastuin 2021 ja jouduin j\u00e4\u00e4m\u00e4\u00e4n pois t\u00f6ist\u00e4 ja el\u00e4kkeelle 2023.<\/p>\n\n\n\n<p>Sairastumisen alusta alkaen olen ollut tiiviisti mukana Propon, Suomen eturauhassy\u00f6p\u00e4yhdistyksen vertaistukiryhmiss\u00e4 ja yksil\u00f6ohjaajana. K\u00e4vin Propon vertaistukihenkil\u00f6iden koulutuksen 2022 ja osallistuin <a title=\"Euroopan Uomon\" href=\"https:\/\/www.europa-uomo.org\/\" target=\"_blank\" rel=\"noopener\">Euroopan Uomon<\/a>, eturauhassy\u00f6p\u00e4yhteis\u00f6n <a title=\"Summer School,\" href=\"https:\/\/www.europa-uomo.org\/news\/learning-skills-to-make-a-difference\/\" target=\"_blank\" rel=\"noopener\">Summer School,<\/a> kes\u00e4kouluun Brysseliss\u00e4 syyskuussa 2024, jossa on tavoitteena <a title=\"vertaistukitoiminnan \" href=\"https:\/\/www.europa-uomo.org\/news\/making-the-patient-advocates-into-experts\/\" target=\"_blank\" rel=\"noopener\">vertaistukitoiminnan <\/a>kehitt\u00e4minen.<\/p>\n\n\n\n<h2 class=\"wp-block-heading\">Uusi vaihe ammatinharjoittajana<\/h2>\n\n\n\n<p>Ennen TE-hallintoon tuloani perustin yrityksen (T:mi Psyykkari K.Kilpel\u00e4inen) ja tein yksil\u00f6terapiaa, ryhm\u00e4nohjausta, ty\u00f6nohjausta ja psyykkist\u00e4 valmennusta. Nyt kun sairaus on voitettu t\u00e4ll\u00e4 er\u00e4\u00e4, olen aloittamassa uudelleen n\u00e4iden teht\u00e4vien parissa ammatinharjoittajana.<\/p>\n\n\n\n<p>Toukokuusta 2025 alkaen toimin my\u00f6s <a title=\"Spring Health \" href=\"https:\/\/www.springhealth.com\/\" target=\"_blank\" rel=\"noopener\">Spring Health<\/a> palveluntuottajana. Suomenkielinen esittely &gt;&gt; <a title=\"\" href=\"https:\/\/benefits.springhealth.com\/fi\/customer\/adobe\" target=\"_blank\" rel=\"noopener\">t\u00e4st\u00e4<\/a><br><\/p>\n\n\n\n<p><strong>Kiitos kun jaksoit lukea t\u00e4nne saakka!<\/strong> <\/p>\n\n\n\n<p><em>Lue my\u00f6s koulutuksestani ja ty\u00f6urastani tarkemmin <a href=\"https:\/\/psyykkari.fi\/index.php\/psykologipalvelu\/elamankerta\/\">t\u00e4\u00e4ll\u00e4&nbsp;<\/a><\/em><\/p>\n\n\n\n<p><em><a href=\"https:\/\/psyykkari.fi\/index.php\/psykologipalvelu\/yhteydenottolomake\/\">Ota yhteytt\u00e4<\/a>, jos haluat keskustelutukea<\/em><\/p>\n<\/div><\/div>\n","protected":false},"excerpt":{"rendered":"<p>Ammatillinen tausta ja psykologin osaaminen Minulla on 30 vuoden laaja ja monipuolinen ty\u00f6kokemus psykologin teht\u00e4vist\u00e4. Lyhytterapeuttikoulutuksia olen suorittanut Tampereen yliopistossa ja Suhdeterapia Oy:n koulutuksissa. Olen ty\u00f6skennellyt Pirkanmaan TE-toimistossa ammatinvalintapsykologina, psykologitiimin esimiehen\u00e4 ja Asiakaspalvelun tuki -ryhmien palvelup\u00e4\u00e4llikk\u00f6n\u00e4. N\u00e4iss\u00e4 rooleissa olen saanut vahvan osaamisen monenlaisissa el\u00e4m\u00e4ntilanteissa olevien asiakkaiden ohjauksesta ja tukemisesta sek\u00e4 haastavien tilanteiden ratkaisemisesta. Asiakaskunta ja [&hellip;]<\/p>\n","protected":false},"author":1,"featured_media":0,"parent":6,"menu_order":0,"comment_status":"closed","ping_status":"closed","template":"","meta":{"om_disable_all_campaigns":false,"_monsterinsights_skip_tracking":false,"_monsterinsights_sitenote_active":false,"_monsterinsights_sitenote_note":"","_monsterinsights_sitenote_category":0,"footnotes":""},"class_list":["post-154","page","type-page","status-publish","hentry"],"yoast_head":"<!-- This site is optimized with the Yoast SEO plugin v27.5 - https:\/\/yoast.com\/product\/yoast-seo-wordpress\/ -->\n<title>Psykologin ammatillinen osaaminen | Et\u00e4terapia ja vertaistuki TampereellaAmmatillinen tausta - Psykologipalvelu Kari Kilpel&auml;inen<\/title>\n<meta name=\"description\" content=\"30 vuoden psykologin kokemus, ratkaisukeskeinen ty\u00f6ote ja et\u00e4terapia. Ammatillinen osaaminen tukee nuoria, aikuisia ja ik\u00e4\u00e4ntyvi\u00e4 el\u00e4m\u00e4ntilanteiden haasteissa.\" \/>\n<meta name=\"robots\" content=\"index, follow, max-snippet:-1, max-image-preview:large, max-video-preview:-1\" \/>\n<link rel=\"canonical\" href=\"https:\/\/psyykkari.fi\/index.php\/psykologipalvelu\/ammatillinen-taustani-ja-osaamiseni\/\" \/>\n<meta property=\"og:locale\" content=\"fi_FI\" \/>\n<meta property=\"og:type\" content=\"article\" \/>\n<meta property=\"og:title\" content=\"Psykologin ammatillinen osaaminen | Et\u00e4terapia ja vertaistuki TampereellaAmmatillinen tausta - Psykologipalvelu Kari Kilpel&auml;inen\" \/>\n<meta property=\"og:description\" content=\"30 vuoden psykologin kokemus, ratkaisukeskeinen ty\u00f6ote ja et\u00e4terapia. Ammatillinen osaaminen tukee nuoria, aikuisia ja ik\u00e4\u00e4ntyvi\u00e4 el\u00e4m\u00e4ntilanteiden haasteissa.\" \/>\n<meta property=\"og:url\" content=\"https:\/\/psyykkari.fi\/index.php\/psykologipalvelu\/ammatillinen-taustani-ja-osaamiseni\/\" \/>\n<meta property=\"og:site_name\" content=\"Psykologipalvelu Kari Kilpel&auml;inen\" \/>\n<meta property=\"article:publisher\" content=\"https:\/\/www.facebook.com\/profile.php?id=61569898660827\" \/>\n<meta property=\"article:modified_time\" content=\"2025-12-23T15:12:58+00:00\" \/>\n<meta property=\"og:image\" content=\"https:\/\/psyykkari.fi\/wp-content\/uploads\/2024\/12\/IMG_7648-scaled.jpeg\" \/>\n\t<meta property=\"og:image:width\" content=\"2560\" \/>\n\t<meta property=\"og:image:height\" content=\"1920\" \/>\n\t<meta property=\"og:image:type\" content=\"image\/jpeg\" \/>\n<meta name=\"twitter:card\" content=\"summary_large_image\" \/>\n<meta name=\"twitter:label1\" content=\"Arvioitu lukuaika\" \/>\n\t<meta name=\"twitter:data1\" content=\"3 minuuttia\" \/>\n<script type=\"application\/ld+json\" class=\"yoast-schema-graph\">{\"@context\":\"https:\\\/\\\/schema.org\",\"@graph\":[{\"@type\":\"WebPage\",\"@id\":\"https:\\\/\\\/psyykkari.fi\\\/index.php\\\/psykologipalvelu\\\/ammatillinen-taustani-ja-osaamiseni\\\/\",\"url\":\"https:\\\/\\\/psyykkari.fi\\\/index.php\\\/psykologipalvelu\\\/ammatillinen-taustani-ja-osaamiseni\\\/\",\"name\":\"Psykologin ammatillinen osaaminen | Et\u00e4terapia ja vertaistuki TampereellaAmmatillinen tausta - Psykologipalvelu Kari Kilpel&auml;inen\",\"isPartOf\":{\"@id\":\"https:\\\/\\\/psyykkari.fi\\\/#website\"},\"primaryImageOfPage\":{\"@id\":\"https:\\\/\\\/psyykkari.fi\\\/index.php\\\/psykologipalvelu\\\/ammatillinen-taustani-ja-osaamiseni\\\/#primaryimage\"},\"image\":{\"@id\":\"https:\\\/\\\/psyykkari.fi\\\/index.php\\\/psykologipalvelu\\\/ammatillinen-taustani-ja-osaamiseni\\\/#primaryimage\"},\"thumbnailUrl\":\"https:\\\/\\\/psyykkari.fi\\\/wp-content\\\/uploads\\\/2024\\\/12\\\/IMG_7648-scaled.jpeg\",\"datePublished\":\"2024-12-16T18:31:33+00:00\",\"dateModified\":\"2025-12-23T15:12:58+00:00\",\"description\":\"30 vuoden psykologin kokemus, ratkaisukeskeinen ty\u00f6ote ja et\u00e4terapia. Ammatillinen osaaminen tukee nuoria, aikuisia ja ik\u00e4\u00e4ntyvi\u00e4 el\u00e4m\u00e4ntilanteiden haasteissa.\",\"breadcrumb\":{\"@id\":\"https:\\\/\\\/psyykkari.fi\\\/index.php\\\/psykologipalvelu\\\/ammatillinen-taustani-ja-osaamiseni\\\/#breadcrumb\"},\"inLanguage\":\"fi\",\"potentialAction\":[{\"@type\":\"ReadAction\",\"target\":[\"https:\\\/\\\/psyykkari.fi\\\/index.php\\\/psykologipalvelu\\\/ammatillinen-taustani-ja-osaamiseni\\\/\"]}]},{\"@type\":\"ImageObject\",\"inLanguage\":\"fi\",\"@id\":\"https:\\\/\\\/psyykkari.fi\\\/index.php\\\/psykologipalvelu\\\/ammatillinen-taustani-ja-osaamiseni\\\/#primaryimage\",\"url\":\"https:\\\/\\\/psyykkari.fi\\\/wp-content\\\/uploads\\\/2024\\\/12\\\/IMG_7648-scaled.jpeg\",\"contentUrl\":\"https:\\\/\\\/psyykkari.fi\\\/wp-content\\\/uploads\\\/2024\\\/12\\\/IMG_7648-scaled.jpeg\",\"width\":2560,\"height\":1920,\"caption\":\"Kosken kuohunta rauhoittaa mielt\u00e4.\"},{\"@type\":\"BreadcrumbList\",\"@id\":\"https:\\\/\\\/psyykkari.fi\\\/index.php\\\/psykologipalvelu\\\/ammatillinen-taustani-ja-osaamiseni\\\/#breadcrumb\",\"itemListElement\":[{\"@type\":\"ListItem\",\"position\":1,\"name\":\"Etusivu\",\"item\":\"https:\\\/\\\/psyykkari.fi\\\/\"},{\"@type\":\"ListItem\",\"position\":2,\"name\":\"Etusivu\",\"item\":\"https:\\\/\\\/psyykkari.fi\\\/\"},{\"@type\":\"ListItem\",\"position\":3,\"name\":\"Ammatillinen tausta\"}]},{\"@type\":\"WebSite\",\"@id\":\"https:\\\/\\\/psyykkari.fi\\\/#website\",\"url\":\"https:\\\/\\\/psyykkari.fi\\\/\",\"name\":\"Psykologipalvelu Kari Kilpel\u00e4inen\",\"description\":\"Ratkaisukeskeist&auml; keskustelutukea\",\"publisher\":{\"@id\":\"https:\\\/\\\/psyykkari.fi\\\/#organization\"},\"potentialAction\":[{\"@type\":\"SearchAction\",\"target\":{\"@type\":\"EntryPoint\",\"urlTemplate\":\"https:\\\/\\\/psyykkari.fi\\\/?s={search_term_string}\"},\"query-input\":{\"@type\":\"PropertyValueSpecification\",\"valueRequired\":true,\"valueName\":\"search_term_string\"}}],\"inLanguage\":\"fi\"},{\"@type\":\"Organization\",\"@id\":\"https:\\\/\\\/psyykkari.fi\\\/#organization\",\"name\":\"Psykologipalvelu Kari Kilpel\u00e4inen\",\"url\":\"https:\\\/\\\/psyykkari.fi\\\/\",\"logo\":{\"@type\":\"ImageObject\",\"inLanguage\":\"fi\",\"@id\":\"https:\\\/\\\/psyykkari.fi\\\/#\\\/schema\\\/logo\\\/image\\\/\",\"url\":\"https:\\\/\\\/psyykkari.fi\\\/wp-content\\\/uploads\\\/2025\\\/12\\\/logo500.avif\",\"contentUrl\":\"https:\\\/\\\/psyykkari.fi\\\/wp-content\\\/uploads\\\/2025\\\/12\\\/logo500.avif\",\"width\":500,\"height\":500,\"caption\":\"Psykologipalvelu Kari Kilpel\u00e4inen\"},\"image\":{\"@id\":\"https:\\\/\\\/psyykkari.fi\\\/#\\\/schema\\\/logo\\\/image\\\/\"},\"sameAs\":[\"https:\\\/\\\/www.facebook.com\\\/profile.php?id=61569898660827\"]}]}<\/script>\n<!-- \/ Yoast SEO plugin. -->","yoast_head_json":{"title":"Psykologin ammatillinen osaaminen | Et\u00e4terapia ja vertaistuki TampereellaAmmatillinen tausta - Psykologipalvelu Kari Kilpel&auml;inen","description":"30 vuoden psykologin kokemus, ratkaisukeskeinen ty\u00f6ote ja et\u00e4terapia. Ammatillinen osaaminen tukee nuoria, aikuisia ja ik\u00e4\u00e4ntyvi\u00e4 el\u00e4m\u00e4ntilanteiden haasteissa.","robots":{"index":"index","follow":"follow","max-snippet":"max-snippet:-1","max-image-preview":"max-image-preview:large","max-video-preview":"max-video-preview:-1"},"canonical":"https:\/\/psyykkari.fi\/index.php\/psykologipalvelu\/ammatillinen-taustani-ja-osaamiseni\/","og_locale":"fi_FI","og_type":"article","og_title":"Psykologin ammatillinen osaaminen | Et\u00e4terapia ja vertaistuki TampereellaAmmatillinen tausta - Psykologipalvelu Kari Kilpel&auml;inen","og_description":"30 vuoden psykologin kokemus, ratkaisukeskeinen ty\u00f6ote ja et\u00e4terapia. Ammatillinen osaaminen tukee nuoria, aikuisia ja ik\u00e4\u00e4ntyvi\u00e4 el\u00e4m\u00e4ntilanteiden haasteissa.","og_url":"https:\/\/psyykkari.fi\/index.php\/psykologipalvelu\/ammatillinen-taustani-ja-osaamiseni\/","og_site_name":"Psykologipalvelu Kari Kilpel&auml;inen","article_publisher":"https:\/\/www.facebook.com\/profile.php?id=61569898660827","article_modified_time":"2025-12-23T15:12:58+00:00","og_image":[{"width":2560,"height":1920,"url":"https:\/\/psyykkari.fi\/wp-content\/uploads\/2024\/12\/IMG_7648-scaled.jpeg","type":"image\/jpeg"}],"twitter_card":"summary_large_image","twitter_misc":{"Arvioitu lukuaika":"3 minuuttia"},"schema":{"@context":"https:\/\/schema.org","@graph":[{"@type":"WebPage","@id":"https:\/\/psyykkari.fi\/index.php\/psykologipalvelu\/ammatillinen-taustani-ja-osaamiseni\/","url":"https:\/\/psyykkari.fi\/index.php\/psykologipalvelu\/ammatillinen-taustani-ja-osaamiseni\/","name":"Psykologin ammatillinen osaaminen | Et\u00e4terapia ja vertaistuki TampereellaAmmatillinen tausta - Psykologipalvelu Kari Kilpel&auml;inen","isPartOf":{"@id":"https:\/\/psyykkari.fi\/#website"},"primaryImageOfPage":{"@id":"https:\/\/psyykkari.fi\/index.php\/psykologipalvelu\/ammatillinen-taustani-ja-osaamiseni\/#primaryimage"},"image":{"@id":"https:\/\/psyykkari.fi\/index.php\/psykologipalvelu\/ammatillinen-taustani-ja-osaamiseni\/#primaryimage"},"thumbnailUrl":"https:\/\/psyykkari.fi\/wp-content\/uploads\/2024\/12\/IMG_7648-scaled.jpeg","datePublished":"2024-12-16T18:31:33+00:00","dateModified":"2025-12-23T15:12:58+00:00","description":"30 vuoden psykologin kokemus, ratkaisukeskeinen ty\u00f6ote ja et\u00e4terapia. Ammatillinen osaaminen tukee nuoria, aikuisia ja ik\u00e4\u00e4ntyvi\u00e4 el\u00e4m\u00e4ntilanteiden haasteissa.","breadcrumb":{"@id":"https:\/\/psyykkari.fi\/index.php\/psykologipalvelu\/ammatillinen-taustani-ja-osaamiseni\/#breadcrumb"},"inLanguage":"fi","potentialAction":[{"@type":"ReadAction","target":["https:\/\/psyykkari.fi\/index.php\/psykologipalvelu\/ammatillinen-taustani-ja-osaamiseni\/"]}]},{"@type":"ImageObject","inLanguage":"fi","@id":"https:\/\/psyykkari.fi\/index.php\/psykologipalvelu\/ammatillinen-taustani-ja-osaamiseni\/#primaryimage","url":"https:\/\/psyykkari.fi\/wp-content\/uploads\/2024\/12\/IMG_7648-scaled.jpeg","contentUrl":"https:\/\/psyykkari.fi\/wp-content\/uploads\/2024\/12\/IMG_7648-scaled.jpeg","width":2560,"height":1920,"caption":"Kosken kuohunta rauhoittaa mielt\u00e4."},{"@type":"BreadcrumbList","@id":"https:\/\/psyykkari.fi\/index.php\/psykologipalvelu\/ammatillinen-taustani-ja-osaamiseni\/#breadcrumb","itemListElement":[{"@type":"ListItem","position":1,"name":"Etusivu","item":"https:\/\/psyykkari.fi\/"},{"@type":"ListItem","position":2,"name":"Etusivu","item":"https:\/\/psyykkari.fi\/"},{"@type":"ListItem","position":3,"name":"Ammatillinen tausta"}]},{"@type":"WebSite","@id":"https:\/\/psyykkari.fi\/#website","url":"https:\/\/psyykkari.fi\/","name":"Psykologipalvelu Kari Kilpel\u00e4inen","description":"Ratkaisukeskeist&auml; keskustelutukea","publisher":{"@id":"https:\/\/psyykkari.fi\/#organization"},"potentialAction":[{"@type":"SearchAction","target":{"@type":"EntryPoint","urlTemplate":"https:\/\/psyykkari.fi\/?s={search_term_string}"},"query-input":{"@type":"PropertyValueSpecification","valueRequired":true,"valueName":"search_term_string"}}],"inLanguage":"fi"},{"@type":"Organization","@id":"https:\/\/psyykkari.fi\/#organization","name":"Psykologipalvelu Kari Kilpel\u00e4inen","url":"https:\/\/psyykkari.fi\/","logo":{"@type":"ImageObject","inLanguage":"fi","@id":"https:\/\/psyykkari.fi\/#\/schema\/logo\/image\/","url":"https:\/\/psyykkari.fi\/wp-content\/uploads\/2025\/12\/logo500.avif","contentUrl":"https:\/\/psyykkari.fi\/wp-content\/uploads\/2025\/12\/logo500.avif","width":500,"height":500,"caption":"Psykologipalvelu Kari Kilpel\u00e4inen"},"image":{"@id":"https:\/\/psyykkari.fi\/#\/schema\/logo\/image\/"},"sameAs":["https:\/\/www.facebook.com\/profile.php?id=61569898660827"]}]}},"_links":{"self":[{"href":"https:\/\/psyykkari.fi\/index.php\/wp-json\/wp\/v2\/pages\/154","targetHints":{"allow":["GET"]}}],"collection":[{"href":"https:\/\/psyykkari.fi\/index.php\/wp-json\/wp\/v2\/pages"}],"about":[{"href":"https:\/\/psyykkari.fi\/index.php\/wp-json\/wp\/v2\/types\/page"}],"author":[{"embeddable":true,"href":"https:\/\/psyykkari.fi\/index.php\/wp-json\/wp\/v2\/users\/1"}],"replies":[{"embeddable":true,"href":"https:\/\/psyykkari.fi\/index.php\/wp-json\/wp\/v2\/comments?post=154"}],"version-history":[{"count":31,"href":"https:\/\/psyykkari.fi\/index.php\/wp-json\/wp\/v2\/pages\/154\/revisions"}],"predecessor-version":[{"id":1581,"href":"https:\/\/psyykkari.fi\/index.php\/wp-json\/wp\/v2\/pages\/154\/revisions\/1581"}],"up":[{"embeddable":true,"href":"https:\/\/psyykkari.fi\/index.php\/wp-json\/wp\/v2\/pages\/6"}],"wp:attachment":[{"href":"https:\/\/psyykkari.fi\/index.php\/wp-json\/wp\/v2\/media?parent=154"}],"curies":[{"name":"wp","href":"https:\/\/api.w.org\/{rel}","templated":true}]}}