{"id":144,"date":"2024-12-16T18:15:31","date_gmt":"2024-12-16T18:15:31","guid":{"rendered":"https:\/\/psyykkari.fi\/?page_id=144"},"modified":"2025-12-18T09:19:58","modified_gmt":"2025-12-18T09:19:58","slug":"elamankerta","status":"publish","type":"page","link":"https:\/\/psyykkari.fi\/index.php\/psykologipalvelu\/elamankerta\/","title":{"rendered":"Koulutus"},"content":{"rendered":"\n<div class=\"wp-block-cover alignwide has-custom-content-position is-position-bottom-center\" style=\"margin-top:0;margin-bottom:0;padding-bottom:var(--wp--preset--spacing--50);padding-left:var(--wp--preset--spacing--50);min-height:100vh;aspect-ratio:unset;\"><img loading=\"lazy\" decoding=\"async\" width=\"1024\" height=\"768\" class=\"wp-block-cover__image-background wp-image-213 size-full\" alt=\"\" src=\"https:\/\/psyykkari.fi\/wp-content\/uploads\/2024\/12\/image.png\" data-object-fit=\"cover\" srcset=\"https:\/\/psyykkari.fi\/wp-content\/uploads\/2024\/12\/image.png 1024w, https:\/\/psyykkari.fi\/wp-content\/uploads\/2024\/12\/image-300x225.png 300w, https:\/\/psyykkari.fi\/wp-content\/uploads\/2024\/12\/image-768x576.png 768w\" sizes=\"auto, (max-width: 1024px) 100vw, 1024px\" \/><span aria-hidden=\"true\" class=\"wp-block-cover__background has-background-dim-20 has-background-dim\" style=\"background-color:#5b5f5c\"><\/span><div class=\"wp-block-cover__inner-container is-layout-flow wp-container-core-cover-is-layout-79e0450f wp-block-cover-is-layout-flow\">\n<h1 class=\"wp-block-heading has-base-color has-text-color has-link-color wp-elements-742822e3b8d9c5f0300b107c057aead7\" style=\"margin-bottom:var(--wp--preset--spacing--60);margin-left:var(--wp--preset--spacing--20)\">Koulutus ja ty\u00f6kokemus<\/h1>\n<\/div><\/div>\n\n\n\n<div class=\"wp-block-media-text alignwide has-media-on-the-right is-stacked-on-mobile\"><div class=\"wp-block-media-text__content\">\n<h2 class=\"wp-block-heading\">Varhaisvaiheen ty\u00f6 ja opinnot<\/h2>\n\n\n\n<p>Ennen psykologin koulutusta ty\u00f6urani alkoi 1974 Lieksanjoella, <a href=\"https:\/\/www.finna.fi\/Record\/lusto.knp-106597\" target=\"_blank\" rel=\"noreferrer noopener\">Metelin erottelussa <\/a>uittomiehen\u00e4 ja jatkui seuraavat viisi kes\u00e4\u00e4 eri kohteissa Lieksanjoen varrella, mm. Haapavitja-Kattilakoski alueella ja viimeiset kolme kes\u00e4\u00e4 Neuvostoliiton puolella, jossa puut luovutettiin suomalaisille\u2026<\/p>\n\n\n\n<p>Armeijan j\u00e4lkeen olin vuoden rajavartiossa t\u00f6iss\u00e4. Sen j\u00e4lkeen muutin Tampereelle t\u00f6iden per\u00e4ss\u00e4 ja jatkoin vartiointiteht\u00e4viss\u00e4 Suomen Teollisuuden vartioinnissa.&nbsp;<\/p>\n\n\n\n<h2 class=\"wp-block-heading\">Psykologin koulutus ja harjoittelu<\/h2>\n\n\n\n<p>Aloin opiskelut iltalukiossa ja p\u00e4\u00e4st\u00e4kseni p\u00e4iv\u00e4t\u00f6ihin siirryin varastomiheksi Mecman Oy:lle, ja kirjoitin ylioppilaaksi 1986. Samana vuonna pitk\u00e4aikainen haaveeni toteutui ja aloitin psykologian opiskelut Tampereen yliopistossa.&nbsp;<\/p>\n\n\n\n<p>Opiskelujen ohella hankin kentt\u00e4ty\u00f6kokemusta ajamalla taksia viikonloppuisin ja kes\u00e4isin, taksihommat jatkuivat kuusi vuotta. &nbsp;<\/p>\n\n\n\n<p>Virallisemman psykologiharjoittelun suoritin ammatinvalintapsykologiharjoittelijana Tampereen ty\u00f6voimatoimistossa Kari Hy\u00f6dyn ja vahvan psykologiosaajatiimin ohjauksessa.&nbsp;<\/p>\n\n\n\n<p>Yliopistosta valmistumisen j\u00e4lkeen jatkoin terapeutin opintoja Lyhytterapiakoulutuksessa Pehr Charpantierin ja Kirsti NIvari-Kairamon j\u00e4rjest\u00e4m\u00e4ss\u00e4 koulutuksessa.&nbsp;<\/p>\n<\/div><figure class=\"wp-block-media-text__media\"><img loading=\"lazy\" decoding=\"async\" width=\"768\" height=\"1024\" src=\"https:\/\/psyykkari.fi\/wp-content\/uploads\/2024\/12\/IMG_7641-768x1024.jpeg\" alt=\"Murrooj\u00e4rvell\u00e4 2023\" class=\"wp-image-216 size-full\" srcset=\"https:\/\/psyykkari.fi\/wp-content\/uploads\/2024\/12\/IMG_7641-768x1024.jpeg 768w, https:\/\/psyykkari.fi\/wp-content\/uploads\/2024\/12\/IMG_7641-225x300.jpeg 225w, https:\/\/psyykkari.fi\/wp-content\/uploads\/2024\/12\/IMG_7641-1152x1536.jpeg 1152w, https:\/\/psyykkari.fi\/wp-content\/uploads\/2024\/12\/IMG_7641-1536x2048.jpeg 1536w, https:\/\/psyykkari.fi\/wp-content\/uploads\/2024\/12\/IMG_7641-scaled.jpeg 1920w\" sizes=\"auto, (max-width: 768px) 100vw, 768px\" \/><\/figure><\/div>\n\n\n\n<div class=\"wp-block-media-text alignwide is-stacked-on-mobile\"><figure class=\"wp-block-media-text__media\"><img data-dominant-color=\"5d5a4c\" data-has-transparency=\"false\" style=\"--dominant-color: #5d5a4c;\" loading=\"lazy\" decoding=\"async\" width=\"1024\" height=\"1024\" src=\"https:\/\/psyykkari.fi\/wp-content\/uploads\/2025\/08\/FB40D4BE-C708-425C-8F84-B9F9DD357074.avif\" alt=\"Resilienssi - voimia eteenp\u00e4in\" class=\"wp-image-1020 size-full not-transparent\" srcset=\"https:\/\/psyykkari.fi\/wp-content\/uploads\/2025\/08\/FB40D4BE-C708-425C-8F84-B9F9DD357074.avif 1024w, https:\/\/psyykkari.fi\/wp-content\/uploads\/2025\/08\/FB40D4BE-C708-425C-8F84-B9F9DD357074-300x300.avif 300w, https:\/\/psyykkari.fi\/wp-content\/uploads\/2025\/08\/FB40D4BE-C708-425C-8F84-B9F9DD357074-150x150.avif 150w, https:\/\/psyykkari.fi\/wp-content\/uploads\/2025\/08\/FB40D4BE-C708-425C-8F84-B9F9DD357074-768x768.avif 768w\" sizes=\"auto, (max-width: 1024px) 100vw, 1024px\" \/><\/figure><div class=\"wp-block-media-text__content\">\n<h2 class=\"wp-block-heading\">Ty\u00f6kokemus valtiolla ja TE-toimistossa<\/h2>\n\n\n\n<p>Samoihin aikoihin perustin yrityksen (Psyykkari K. Kilpel\u00e4inen) ja aloin tehd\u00e4 yksil\u00f6- ja ryhm\u00e4nohjausta. Aika pian sen j\u00e4lkeen (1994) p\u00e4\u00e4sin Tampereen ty\u00f6voimatoimistoon ja aloitin siell\u00e4 pitk\u00e4\u00e4n ty\u00f6tt\u00f6m\u00e4n\u00e4 olleiden ja my\u00f6s nuorten ohjauksellisten ryhmien ohjaamisen. Rinnalla tein my\u00f6s henkil\u00f6lkohtaista ammatinvalinnanohjausta, ja vuodesta 1999 alkaen p\u00e4\u00e4toimisesti.&nbsp;<br>Ty\u00f6voimatoimistot vaihtuivat TE-toimistoiksi 2001.<\/p>\n\n\n\n<p>V\u00e4lill\u00e4 k\u00e4vin k\u00e4ynnist\u00e4m\u00e4ss\u00e4 ohjauspajaa Tampereen aikuiskoulutuskeskuksen Mansetti-ty\u00f6pajalla (2004-2007), jossa oli ty\u00f6tt\u00f6mi\u00e4 metalli-, rakennus-, maalaus- ja pienkonekorjausty\u00f6pajoilla. Hoidin heid\u00e4n jatkosuunnitelmia. &nbsp;<\/p>\n<\/div><\/div>\n\n\n\n<div class=\"wp-block-media-text alignwide has-media-on-the-right is-stacked-on-mobile\"><div class=\"wp-block-media-text__content\">\n<h2 class=\"wp-block-heading\">Johtamisteht\u00e4v\u00e4t ja palvelup\u00e4\u00e4llik\u00f6n rooli<\/h2>\n\n\n\n<p>Palasin Tampereen TE-toimistoon 2007 ja pian sen j\u00e4lkeen minut valittiin Kari Hy\u00f6dyn seuraajaksi vastuupsykologina.&nbsp; Vuoden 2011 alussa siirryin isomman, Nuorten ohjauspalvelut- ryhm\u00e4n palveluesimieheksi. Monien erilaisten tiimien esimies- ja my\u00f6hemmin palvelup\u00e4\u00e4llik\u00f6n ty\u00f6t jatkuivat vuoteen 2022 saakka, jolloin minulla todettiin aggressiivinen eturauhassy\u00f6p\u00e4. J\u00e4in sairausomalle ja sen j\u00e4lkeen el\u00e4kkeelle v. 2023.&nbsp;<\/p>\n\n\n\n<h2 class=\"wp-block-heading\">Uusi vaihe el\u00e4kkeelt\u00e4 ammatinharjoittajaksi<\/h2>\n\n\n\n<p>Kolmen vuoden j\u00e4lkeen olen toipunut sy\u00f6v\u00e4st\u00e4 ja raskaista hoidoista ja aloittamassa uutta vaihetta el\u00e4m\u00e4ss\u00e4 ja <a href=\"https:\/\/psyykkari.fi\/index.php\/psykologipalvelu\/ammatillinen-taustani-ja-osaamiseni\/\">psykologin ty\u00f6ss\u00e4<\/a>. K\u00e4ynnistin yli kolmekymment\u00e4 vuotta unholassa olleen Psyykkari toiminimen ja sen my\u00f6t\u00e4 alan toimia Valviran hyv\u00e4ksym\u00e4n\u00e4 ammatinharjoittajana.&nbsp;<\/p>\n\n\n\n<p>Toukokuusta 2025 alkaen toimin my\u00f6s <a href=\"https:\/\/benefits.springhealth.com\/fi\/customer\/adobe\" target=\"_blank\" rel=\"noopener\" title=\"\">Spring Health<\/a> palveluntuottajana. <\/p>\n\n\n\n<p><em><a href=\"https:\/\/psyykkari.fi\/index.php\/psykologipalvelu\/psykologin-keskusteluhoito\/\">Tutustu palveluihini <\/a>ja <a href=\"https:\/\/psyykkari.fi\/index.php\/psykologipalvelu\/yhteydenottolomake\/\">varaa aika<\/a> keskusteluhoitoon<\/em><\/p>\n<\/div><figure class=\"wp-block-media-text__media\"><img data-dominant-color=\"7d7d73\" data-has-transparency=\"false\" style=\"--dominant-color: #7d7d73;\" loading=\"lazy\" decoding=\"async\" width=\"1024\" height=\"1024\" src=\"https:\/\/psyykkari.fi\/wp-content\/uploads\/2025\/08\/4DB4B670-F22F-4A41-BCC3-2D278BC8E15F_1_102_o.avif\" alt=\"Resilienssi - tie eteenp\u00e4in\" class=\"wp-image-991 size-full not-transparent\" srcset=\"https:\/\/psyykkari.fi\/wp-content\/uploads\/2025\/08\/4DB4B670-F22F-4A41-BCC3-2D278BC8E15F_1_102_o.avif 1024w, https:\/\/psyykkari.fi\/wp-content\/uploads\/2025\/08\/4DB4B670-F22F-4A41-BCC3-2D278BC8E15F_1_102_o-300x300.avif 300w, https:\/\/psyykkari.fi\/wp-content\/uploads\/2025\/08\/4DB4B670-F22F-4A41-BCC3-2D278BC8E15F_1_102_o-150x150.avif 150w, https:\/\/psyykkari.fi\/wp-content\/uploads\/2025\/08\/4DB4B670-F22F-4A41-BCC3-2D278BC8E15F_1_102_o-768x768.avif 768w\" sizes=\"auto, (max-width: 1024px) 100vw, 1024px\" \/><\/figure><\/div>\n","protected":false},"excerpt":{"rendered":"<p>Varhaisvaiheen ty\u00f6 ja opinnot Ennen psykologin koulutusta ty\u00f6urani alkoi 1974 Lieksanjoella, Metelin erottelussa uittomiehen\u00e4 ja jatkui seuraavat viisi kes\u00e4\u00e4 eri kohteissa Lieksanjoen varrella, mm. Haapavitja-Kattilakoski alueella ja viimeiset kolme kes\u00e4\u00e4 Neuvostoliiton puolella, jossa puut luovutettiin suomalaisille\u2026 Armeijan j\u00e4lkeen olin vuoden rajavartiossa t\u00f6iss\u00e4. Sen j\u00e4lkeen muutin Tampereelle t\u00f6iden per\u00e4ss\u00e4 ja jatkoin vartiointiteht\u00e4viss\u00e4 Suomen Teollisuuden vartioinnissa.&nbsp; Psykologin [&hellip;]<\/p>\n","protected":false},"author":1,"featured_media":0,"parent":6,"menu_order":0,"comment_status":"closed","ping_status":"closed","template":"","meta":{"om_disable_all_campaigns":false,"_monsterinsights_skip_tracking":false,"_monsterinsights_sitenote_active":false,"_monsterinsights_sitenote_note":"","_monsterinsights_sitenote_category":0,"footnotes":""},"class_list":["post-144","page","type-page","status-publish","hentry"],"yoast_head":"<!-- This site is optimized with the Yoast SEO plugin v27.5 - https:\/\/yoast.com\/product\/yoast-seo-wordpress\/ -->\n<title>Psykologin koulutus ja ty\u00f6kokemus - Psykologipalvelu Kari Kilpel&auml;inen<\/title>\n<meta name=\"description\" content=\"Kari Kilpel\u00e4inen \u2013 kokenut psykologi Tampereelta. Vahva koulutus, pitk\u00e4 ty\u00f6kokemus ja ratkaisukeskeinen ty\u00f6ote tukemassa asiakkaiden hyvinvointia.\" \/>\n<meta name=\"robots\" content=\"index, follow, max-snippet:-1, max-image-preview:large, max-video-preview:-1\" \/>\n<link rel=\"canonical\" href=\"https:\/\/psyykkari.fi\/index.php\/psykologipalvelu\/elamankerta\/\" \/>\n<meta property=\"og:locale\" content=\"fi_FI\" \/>\n<meta property=\"og:type\" content=\"article\" \/>\n<meta property=\"og:title\" content=\"Psykologin koulutus ja ty\u00f6kokemus - Psykologipalvelu Kari Kilpel&auml;inen\" \/>\n<meta property=\"og:description\" content=\"Kari Kilpel\u00e4inen \u2013 kokenut psykologi Tampereelta. Vahva koulutus, pitk\u00e4 ty\u00f6kokemus ja ratkaisukeskeinen ty\u00f6ote tukemassa asiakkaiden hyvinvointia.\" \/>\n<meta property=\"og:url\" content=\"https:\/\/psyykkari.fi\/index.php\/psykologipalvelu\/elamankerta\/\" \/>\n<meta property=\"og:site_name\" content=\"Psykologipalvelu Kari Kilpel&auml;inen\" \/>\n<meta property=\"article:publisher\" content=\"https:\/\/www.facebook.com\/profile.php?id=61569898660827\" \/>\n<meta property=\"article:modified_time\" content=\"2025-12-18T09:19:58+00:00\" \/>\n<meta property=\"og:image\" content=\"https:\/\/psyykkari.fi\/wp-content\/uploads\/2024\/12\/image.png\" \/>\n\t<meta property=\"og:image:width\" content=\"1024\" \/>\n\t<meta property=\"og:image:height\" content=\"768\" \/>\n\t<meta property=\"og:image:type\" content=\"image\/png\" \/>\n<meta name=\"twitter:card\" content=\"summary_large_image\" \/>\n<script type=\"application\/ld+json\" class=\"yoast-schema-graph\">{\"@context\":\"https:\\\/\\\/schema.org\",\"@graph\":[{\"@type\":\"WebPage\",\"@id\":\"https:\\\/\\\/psyykkari.fi\\\/index.php\\\/psykologipalvelu\\\/elamankerta\\\/\",\"url\":\"https:\\\/\\\/psyykkari.fi\\\/index.php\\\/psykologipalvelu\\\/elamankerta\\\/\",\"name\":\"Psykologin koulutus ja ty\u00f6kokemus - Psykologipalvelu Kari Kilpel&auml;inen\",\"isPartOf\":{\"@id\":\"https:\\\/\\\/psyykkari.fi\\\/#website\"},\"primaryImageOfPage\":{\"@id\":\"https:\\\/\\\/psyykkari.fi\\\/index.php\\\/psykologipalvelu\\\/elamankerta\\\/#primaryimage\"},\"image\":{\"@id\":\"https:\\\/\\\/psyykkari.fi\\\/index.php\\\/psykologipalvelu\\\/elamankerta\\\/#primaryimage\"},\"thumbnailUrl\":\"https:\\\/\\\/psyykkari.fi\\\/wp-content\\\/uploads\\\/2024\\\/12\\\/image.png\",\"datePublished\":\"2024-12-16T18:15:31+00:00\",\"dateModified\":\"2025-12-18T09:19:58+00:00\",\"description\":\"Kari Kilpel\u00e4inen \u2013 kokenut psykologi Tampereelta. Vahva koulutus, pitk\u00e4 ty\u00f6kokemus ja ratkaisukeskeinen ty\u00f6ote tukemassa asiakkaiden hyvinvointia.\",\"breadcrumb\":{\"@id\":\"https:\\\/\\\/psyykkari.fi\\\/index.php\\\/psykologipalvelu\\\/elamankerta\\\/#breadcrumb\"},\"inLanguage\":\"fi\",\"potentialAction\":[{\"@type\":\"ReadAction\",\"target\":[\"https:\\\/\\\/psyykkari.fi\\\/index.php\\\/psykologipalvelu\\\/elamankerta\\\/\"]}]},{\"@type\":\"ImageObject\",\"inLanguage\":\"fi\",\"@id\":\"https:\\\/\\\/psyykkari.fi\\\/index.php\\\/psykologipalvelu\\\/elamankerta\\\/#primaryimage\",\"url\":\"https:\\\/\\\/psyykkari.fi\\\/wp-content\\\/uploads\\\/2024\\\/12\\\/image.png\",\"contentUrl\":\"https:\\\/\\\/psyykkari.fi\\\/wp-content\\\/uploads\\\/2024\\\/12\\\/image.png\",\"width\":1024,\"height\":768},{\"@type\":\"BreadcrumbList\",\"@id\":\"https:\\\/\\\/psyykkari.fi\\\/index.php\\\/psykologipalvelu\\\/elamankerta\\\/#breadcrumb\",\"itemListElement\":[{\"@type\":\"ListItem\",\"position\":1,\"name\":\"Etusivu\",\"item\":\"https:\\\/\\\/psyykkari.fi\\\/\"},{\"@type\":\"ListItem\",\"position\":2,\"name\":\"Etusivu\",\"item\":\"https:\\\/\\\/psyykkari.fi\\\/\"},{\"@type\":\"ListItem\",\"position\":3,\"name\":\"Koulutus\"}]},{\"@type\":\"WebSite\",\"@id\":\"https:\\\/\\\/psyykkari.fi\\\/#website\",\"url\":\"https:\\\/\\\/psyykkari.fi\\\/\",\"name\":\"Psykologipalvelu Kari Kilpel\u00e4inen\",\"description\":\"Ratkaisukeskeist&auml; keskustelutukea\",\"publisher\":{\"@id\":\"https:\\\/\\\/psyykkari.fi\\\/#organization\"},\"potentialAction\":[{\"@type\":\"SearchAction\",\"target\":{\"@type\":\"EntryPoint\",\"urlTemplate\":\"https:\\\/\\\/psyykkari.fi\\\/?s={search_term_string}\"},\"query-input\":{\"@type\":\"PropertyValueSpecification\",\"valueRequired\":true,\"valueName\":\"search_term_string\"}}],\"inLanguage\":\"fi\"},{\"@type\":\"Organization\",\"@id\":\"https:\\\/\\\/psyykkari.fi\\\/#organization\",\"name\":\"Psykologipalvelu Kari Kilpel\u00e4inen\",\"url\":\"https:\\\/\\\/psyykkari.fi\\\/\",\"logo\":{\"@type\":\"ImageObject\",\"inLanguage\":\"fi\",\"@id\":\"https:\\\/\\\/psyykkari.fi\\\/#\\\/schema\\\/logo\\\/image\\\/\",\"url\":\"https:\\\/\\\/psyykkari.fi\\\/wp-content\\\/uploads\\\/2025\\\/12\\\/logo500.avif\",\"contentUrl\":\"https:\\\/\\\/psyykkari.fi\\\/wp-content\\\/uploads\\\/2025\\\/12\\\/logo500.avif\",\"width\":500,\"height\":500,\"caption\":\"Psykologipalvelu Kari Kilpel\u00e4inen\"},\"image\":{\"@id\":\"https:\\\/\\\/psyykkari.fi\\\/#\\\/schema\\\/logo\\\/image\\\/\"},\"sameAs\":[\"https:\\\/\\\/www.facebook.com\\\/profile.php?id=61569898660827\"]}]}<\/script>\n<!-- \/ Yoast SEO plugin. -->","yoast_head_json":{"title":"Psykologin koulutus ja ty\u00f6kokemus - Psykologipalvelu Kari Kilpel&auml;inen","description":"Kari Kilpel\u00e4inen \u2013 kokenut psykologi Tampereelta. Vahva koulutus, pitk\u00e4 ty\u00f6kokemus ja ratkaisukeskeinen ty\u00f6ote tukemassa asiakkaiden hyvinvointia.","robots":{"index":"index","follow":"follow","max-snippet":"max-snippet:-1","max-image-preview":"max-image-preview:large","max-video-preview":"max-video-preview:-1"},"canonical":"https:\/\/psyykkari.fi\/index.php\/psykologipalvelu\/elamankerta\/","og_locale":"fi_FI","og_type":"article","og_title":"Psykologin koulutus ja ty\u00f6kokemus - Psykologipalvelu Kari Kilpel&auml;inen","og_description":"Kari Kilpel\u00e4inen \u2013 kokenut psykologi Tampereelta. Vahva koulutus, pitk\u00e4 ty\u00f6kokemus ja ratkaisukeskeinen ty\u00f6ote tukemassa asiakkaiden hyvinvointia.","og_url":"https:\/\/psyykkari.fi\/index.php\/psykologipalvelu\/elamankerta\/","og_site_name":"Psykologipalvelu Kari Kilpel&auml;inen","article_publisher":"https:\/\/www.facebook.com\/profile.php?id=61569898660827","article_modified_time":"2025-12-18T09:19:58+00:00","og_image":[{"width":1024,"height":768,"url":"https:\/\/psyykkari.fi\/wp-content\/uploads\/2024\/12\/image.png","type":"image\/png"}],"twitter_card":"summary_large_image","schema":{"@context":"https:\/\/schema.org","@graph":[{"@type":"WebPage","@id":"https:\/\/psyykkari.fi\/index.php\/psykologipalvelu\/elamankerta\/","url":"https:\/\/psyykkari.fi\/index.php\/psykologipalvelu\/elamankerta\/","name":"Psykologin koulutus ja ty\u00f6kokemus - Psykologipalvelu Kari Kilpel&auml;inen","isPartOf":{"@id":"https:\/\/psyykkari.fi\/#website"},"primaryImageOfPage":{"@id":"https:\/\/psyykkari.fi\/index.php\/psykologipalvelu\/elamankerta\/#primaryimage"},"image":{"@id":"https:\/\/psyykkari.fi\/index.php\/psykologipalvelu\/elamankerta\/#primaryimage"},"thumbnailUrl":"https:\/\/psyykkari.fi\/wp-content\/uploads\/2024\/12\/image.png","datePublished":"2024-12-16T18:15:31+00:00","dateModified":"2025-12-18T09:19:58+00:00","description":"Kari Kilpel\u00e4inen \u2013 kokenut psykologi Tampereelta. Vahva koulutus, pitk\u00e4 ty\u00f6kokemus ja ratkaisukeskeinen ty\u00f6ote tukemassa asiakkaiden hyvinvointia.","breadcrumb":{"@id":"https:\/\/psyykkari.fi\/index.php\/psykologipalvelu\/elamankerta\/#breadcrumb"},"inLanguage":"fi","potentialAction":[{"@type":"ReadAction","target":["https:\/\/psyykkari.fi\/index.php\/psykologipalvelu\/elamankerta\/"]}]},{"@type":"ImageObject","inLanguage":"fi","@id":"https:\/\/psyykkari.fi\/index.php\/psykologipalvelu\/elamankerta\/#primaryimage","url":"https:\/\/psyykkari.fi\/wp-content\/uploads\/2024\/12\/image.png","contentUrl":"https:\/\/psyykkari.fi\/wp-content\/uploads\/2024\/12\/image.png","width":1024,"height":768},{"@type":"BreadcrumbList","@id":"https:\/\/psyykkari.fi\/index.php\/psykologipalvelu\/elamankerta\/#breadcrumb","itemListElement":[{"@type":"ListItem","position":1,"name":"Etusivu","item":"https:\/\/psyykkari.fi\/"},{"@type":"ListItem","position":2,"name":"Etusivu","item":"https:\/\/psyykkari.fi\/"},{"@type":"ListItem","position":3,"name":"Koulutus"}]},{"@type":"WebSite","@id":"https:\/\/psyykkari.fi\/#website","url":"https:\/\/psyykkari.fi\/","name":"Psykologipalvelu Kari Kilpel\u00e4inen","description":"Ratkaisukeskeist&auml; keskustelutukea","publisher":{"@id":"https:\/\/psyykkari.fi\/#organization"},"potentialAction":[{"@type":"SearchAction","target":{"@type":"EntryPoint","urlTemplate":"https:\/\/psyykkari.fi\/?s={search_term_string}"},"query-input":{"@type":"PropertyValueSpecification","valueRequired":true,"valueName":"search_term_string"}}],"inLanguage":"fi"},{"@type":"Organization","@id":"https:\/\/psyykkari.fi\/#organization","name":"Psykologipalvelu Kari Kilpel\u00e4inen","url":"https:\/\/psyykkari.fi\/","logo":{"@type":"ImageObject","inLanguage":"fi","@id":"https:\/\/psyykkari.fi\/#\/schema\/logo\/image\/","url":"https:\/\/psyykkari.fi\/wp-content\/uploads\/2025\/12\/logo500.avif","contentUrl":"https:\/\/psyykkari.fi\/wp-content\/uploads\/2025\/12\/logo500.avif","width":500,"height":500,"caption":"Psykologipalvelu Kari Kilpel\u00e4inen"},"image":{"@id":"https:\/\/psyykkari.fi\/#\/schema\/logo\/image\/"},"sameAs":["https:\/\/www.facebook.com\/profile.php?id=61569898660827"]}]}},"_links":{"self":[{"href":"https:\/\/psyykkari.fi\/index.php\/wp-json\/wp\/v2\/pages\/144","targetHints":{"allow":["GET"]}}],"collection":[{"href":"https:\/\/psyykkari.fi\/index.php\/wp-json\/wp\/v2\/pages"}],"about":[{"href":"https:\/\/psyykkari.fi\/index.php\/wp-json\/wp\/v2\/types\/page"}],"author":[{"embeddable":true,"href":"https:\/\/psyykkari.fi\/index.php\/wp-json\/wp\/v2\/users\/1"}],"replies":[{"embeddable":true,"href":"https:\/\/psyykkari.fi\/index.php\/wp-json\/wp\/v2\/comments?post=144"}],"version-history":[{"count":37,"href":"https:\/\/psyykkari.fi\/index.php\/wp-json\/wp\/v2\/pages\/144\/revisions"}],"predecessor-version":[{"id":1583,"href":"https:\/\/psyykkari.fi\/index.php\/wp-json\/wp\/v2\/pages\/144\/revisions\/1583"}],"up":[{"embeddable":true,"href":"https:\/\/psyykkari.fi\/index.php\/wp-json\/wp\/v2\/pages\/6"}],"wp:attachment":[{"href":"https:\/\/psyykkari.fi\/index.php\/wp-json\/wp\/v2\/media?parent=144"}],"curies":[{"name":"wp","href":"https:\/\/api.w.org\/{rel}","templated":true}]}}